{"id":1521,"date":"2026-02-02T20:17:12","date_gmt":"2026-02-02T23:17:12","guid":{"rendered":"http:\/\/bk.institucional.ws\/?page_id=1521"},"modified":"2026-03-26T16:38:10","modified_gmt":"2026-03-26T19:38:10","slug":"premiacoes","status":"publish","type":"page","link":"https:\/\/bk.arq.br\/en\/premiacoes\/","title":{"rendered":"AWARDS"},"content":{"rendered":"<h1 class=\"visually-hidden\">AWARDS<\/h1>\n            <div class=\"premio-desktop\">\n                <div class=\"premios-grid\">\n\n                    <!-- IMAGEM FLUTUANTE -->\n                    <div class=\"premio-hover-image\">\n                        <img decoding=\"async\" src=\"\" alt=\"\">\n                    <\/div>\n\n                    <!-- HEADER -->\n                    <div class=\"premios-header\">\n                        <div class=\"col-ano\"><\/div>\n\n                        <div class=\"col-right\">\n                            <div>Awards\/ Competitions<\/div>\n                            <div>Project<\/div>\n                            <div>Category<\/div>\n                            <div>Recognition<\/div>\n                        <\/div>\n                    <\/div>\n\n\n                                            \n                                                    \n                            <div\n                                class=\"premios-row year-start\"\n                                 data-link=\"https:\/\/bk.arq.br\/en\/projeto\/conjunto-heliopolis\/\"                                  data-image=\"https:\/\/bk.arq.br\/wp-content\/uploads\/2026\/01\/ConjuntoHabitacionalHeliopolis_Conjunto-Habitacional-Heliopolis-CORTE-TRANSVERSAL-17-1024x683.jpg\"                             >\n\n                                <div class=\"col-ano\">\n                                    2025                                <\/div>\n\n                                <div class=\"col-right\">\n                                    <div class=\"col-premio\">First Latin American HIS 2025 Exhibition - Faculty of Architecture, Urbanism and Arts, National University of Engineering, Lima, Peru<\/div>\n\n                                    <div class=\"col-projeto\">\n                                                                                    <a href=\"https:\/\/bk.arq.br\/en\/projeto\/conjunto-heliopolis\/\">\n                                                Block Heli\u00f3polis - Plot G                                            <\/a>\n                                                                            <\/div>\n\n                                    <div class=\"col-categoria\">Social Interest Housing (HIS)<\/div>\n                                    <div class=\"col-honraria\">Selected Participant<\/div>\n                                <\/div>\n\n                            <\/div>\n\n                                                    \n                            <div\n                                class=\"premios-row\"\n                                 data-link=\"https:\/\/bk.arq.br\/en\/projeto\/parque-edson-arantes-do-nascimento-rei-pele\/\"                                  data-image=\"https:\/\/bk.arq.br\/wp-content\/uploads\/2026\/03\/02-dji_2074-1024x576.jpg\"                             >\n\n                                <div class=\"col-ano\">\n                                                                    <\/div>\n\n                                <div class=\"col-right\">\n                                    <div class=\"col-premio\">2nd Prize Projeto Magazine<\/div>\n\n                                    <div class=\"col-projeto\">\n                                                                                    <a href=\"https:\/\/bk.arq.br\/en\/projeto\/parque-edson-arantes-do-nascimento-rei-pele\/\">\n                                                Rei Pel\u00e9 \u2013 Edson Arantes do Nascimento Park                                            <\/a>\n                                                                            <\/div>\n\n                                    <div class=\"col-categoria\">Infrastructure and Urban Planning<\/div>\n                                    <div class=\"col-honraria\">1st Prize<\/div>\n                                <\/div>\n\n                            <\/div>\n\n                                                    \n                            <div\n                                class=\"premios-row  year-end\"\n                                 data-link=\"https:\/\/bk.arq.br\/en\/projeto\/ppp-julio-prestes\/\"                                  data-image=\"https:\/\/bk.arq.br\/wp-content\/uploads\/2026\/01\/PPP-JulioPrestes-dji_4807-1024x576.jpg\"                             >\n\n                                <div class=\"col-ano\">\n                                                                    <\/div>\n\n                                <div class=\"col-right\">\n                                    <div class=\"col-premio\">14th Award of the Brazilian Association<br \/>\nof Industrialized Concrete Construction (ABCIC)<\/div>\n\n                                    <div class=\"col-projeto\">\n                                                                                    <a href=\"https:\/\/bk.arq.br\/en\/projeto\/ppp-julio-prestes\/\">\n                                                COI &#8211; PPP J\u00falio Prestes                                            <\/a>\n                                                                            <\/div>\n\n                                    <div class=\"col-categoria\">Small Works<\/div>\n                                    <div class=\"col-honraria\">Honorable Mention <\/div>\n                                <\/div>\n\n                            <\/div>\n\n                                                                    \n                                                    \n                            <div\n                                class=\"premios-row year-start\"\n                                 data-link=\"https:\/\/bk.arq.br\/en\/projeto\/conjunto-heliopolis\/\"                                  data-image=\"https:\/\/bk.arq.br\/wp-content\/uploads\/2026\/01\/ConjuntoHabitacionalHeliopolis_Conjunto-Habitacional-Heliopolis-CORTE-TRANSVERSAL-14-1024x683.jpg\"                             >\n\n                                <div class=\"col-ano\">\n                                    2024                                <\/div>\n\n                                <div class=\"col-right\">\n                                    <div class=\"col-premio\">IAB Award<\/div>\n\n                                    <div class=\"col-projeto\">\n                                                                                    <a href=\"https:\/\/bk.arq.br\/en\/projeto\/conjunto-heliopolis\/\">\n                                                Block Heli\u00f3polis - Plot G                                            <\/a>\n                                                                            <\/div>\n\n                                    <div class=\"col-categoria\">Axis 1: Buildings <br \/>\nSocial Interest Housing (HIS)<\/div>\n                                    <div class=\"col-honraria\">Awarded<\/div>\n                                <\/div>\n\n                            <\/div>\n\n                                                    \n                            <div\n                                class=\"premios-row  year-end\"\n                                 data-link=\"https:\/\/bk.arq.br\/en\/projeto\/sede-administrativa-do-governo-do-estado\/\"                                  data-image=\"https:\/\/bk.arq.br\/wp-content\/uploads\/2026\/01\/SedeAdministrativadoGovernodoEstado_CENTRO-ADMINISTRATIVO_01-5-1024x576.jpg\"                             >\n\n                                <div class=\"col-ano\">\n                                                                    <\/div>\n\n                                <div class=\"col-right\">\n                                    <div class=\"col-premio\">National competition for the headquarters of the Government<br \/>\nof S\u00e3o Paulo<\/div>\n\n                                    <div class=\"col-projeto\">\n                                                                                    <a href=\"https:\/\/bk.arq.br\/en\/projeto\/sede-administrativa-do-governo-do-estado\/\">\n                                                Headquarters of the<br \/>\nGovernment of S\u00e3o Paulo                                            <\/a>\n                                                                            <\/div>\n\n                                    <div class=\"col-categoria\">Buildings<\/div>\n                                    <div class=\"col-honraria\">Honorable Mention<\/div>\n                                <\/div>\n\n                            <\/div>\n\n                                                                    \n                                                    \n                            <div\n                                class=\"premios-row year-start\"\n                                 data-link=\"https:\/\/bk.arq.br\/en\/projeto\/aeroporto-de-florianopolis-ii\/\"                                  data-image=\"https:\/\/bk.arq.br\/wp-content\/uploads\/2026\/01\/AeroportoFlorianopolisII_9MG_8094-14-1024x683.jpg\"                             >\n\n                                <div class=\"col-ano\">\n                                    2021                                <\/div>\n\n                                <div class=\"col-right\">\n                                    <div class=\"col-premio\">Saint-Gobain Architecture Award<br \/>\nAsBEA<\/div>\n\n                                    <div class=\"col-projeto\">\n                                                                                    <a href=\"https:\/\/bk.arq.br\/en\/projeto\/aeroporto-de-florianopolis-ii\/\">\n                                                Florian\u00f3polis Airport<br \/>\nInternational Passenger Terminal                                            <\/a>\n                                                                            <\/div>\n\n                                    <div class=\"col-categoria\">Institutional Building<\/div>\n                                    <div class=\"col-honraria\">Best Project of the Edition<\/div>\n                                <\/div>\n\n                            <\/div>\n\n                                                    \n                            <div\n                                class=\"premios-row\"\n                                 data-link=\"https:\/\/bk.arq.br\/en\/projeto\/autoglass\/\"                                  data-image=\"https:\/\/bk.arq.br\/wp-content\/uploads\/2026\/01\/Autoglass_11G_9139a-8-1024x683.jpg\"                             >\n\n                                <div class=\"col-ano\">\n                                                                    <\/div>\n\n                                <div class=\"col-right\">\n                                    <div class=\"col-premio\">IAB-ES Award \u2013 Centenary Edition<\/div>\n\n                                    <div class=\"col-projeto\">\n                                                                                    <a href=\"https:\/\/bk.arq.br\/en\/projeto\/autoglass\/\">\n                                                Autoglass Headquarters                                            <\/a>\n                                                                            <\/div>\n\n                                    <div class=\"col-categoria\">Buildings <\/div>\n                                    <div class=\"col-honraria\">Selected Participant <\/div>\n                                <\/div>\n\n                            <\/div>\n\n                                                    \n                            <div\n                                class=\"premios-row  year-end\"\n                                 data-link=\"https:\/\/bk.arq.br\/en\/projeto\/etapa-vila-mascote\/\"                                  data-image=\"https:\/\/bk.arq.br\/wp-content\/uploads\/2026\/01\/ColegioEtapa_11G_2143-8-1024x1024.jpg\"                             >\n\n                                <div class=\"col-ano\">\n                                                                    <\/div>\n\n                                <div class=\"col-right\">\n                                    <div class=\"col-premio\">IAB-SP Award \u2013 Centenary Edition<\/div>\n\n                                    <div class=\"col-projeto\">\n                                                                                    <a href=\"https:\/\/bk.arq.br\/en\/projeto\/etapa-vila-mascote\/\">\n                                                Etapa Vila Mascote School                                            <\/a>\n                                                                            <\/div>\n\n                                    <div class=\"col-categoria\">Buildings <\/div>\n                                    <div class=\"col-honraria\">Selected Participant <\/div>\n                                <\/div>\n\n                            <\/div>\n\n                                                                    \n                                                    \n                            <div\n                                class=\"premios-row year-start\"\n                                 data-link=\"https:\/\/bk.arq.br\/en\/projeto\/aeroporto-de-florianopolis-ii\/\"                                  data-image=\"https:\/\/bk.arq.br\/wp-content\/uploads\/2026\/01\/AeroportoFlorianopolisII_9MG_8094-5-1-1024x683.jpg\"                             >\n\n                                <div class=\"col-ano\">\n                                    2020                                <\/div>\n\n                                <div class=\"col-right\">\n                                    <div class=\"col-premio\">Pan-American Architecture Biennial of Quito 2020 <\/div>\n\n                                    <div class=\"col-projeto\">\n                                                                                    <a href=\"https:\/\/bk.arq.br\/en\/projeto\/aeroporto-de-florianopolis-ii\/\">\n                                                Florian\u00f3polis Airport<br \/>\nInternational Passenger Terminal<br \/>\n                                            <\/a>\n                                                                            <\/div>\n\n                                    <div class=\"col-categoria\">Institutional Building<\/div>\n                                    <div class=\"col-honraria\">Selected Participant<\/div>\n                                <\/div>\n\n                            <\/div>\n\n                                                    \n                            <div\n                                class=\"premios-row  year-end\"\n                                 data-link=\"https:\/\/bk.arq.br\/en\/projeto\/aeroporto-de-florianopolis-ii\/\"                                  data-image=\"https:\/\/bk.arq.br\/wp-content\/uploads\/2026\/01\/AeroportoFlorianopolisII_9MG_8094-10-1-1024x687.jpg\"                             >\n\n                                <div class=\"col-ano\">\n                                                                    <\/div>\n\n                                <div class=\"col-right\">\n                                    <div class=\"col-premio\">Oscar Niemeyer Award for Latin American Architecture \u2013 \"ON Award\" \u2013 UIA 2020-Rio<\/div>\n\n                                    <div class=\"col-projeto\">\n                                                                                    <a href=\"https:\/\/bk.arq.br\/en\/projeto\/aeroporto-de-florianopolis-ii\/\">\n                                                Florian\u00f3polis Airport<br \/>\nInternational Passenger Terminal                                            <\/a>\n                                                                            <\/div>\n\n                                    <div class=\"col-categoria\">Best Built Project<\/div>\n                                    <div class=\"col-honraria\">Selected Participant <\/div>\n                                <\/div>\n\n                            <\/div>\n\n                                                                    \n                                                    \n                            <div\n                                class=\"premios-row year-start year-end\"\n                                 data-link=\"https:\/\/bk.arq.br\/en\/projeto\/esporte-clube-pinheiros-sf\/\"                                  data-image=\"https:\/\/bk.arq.br\/wp-content\/uploads\/2026\/03\/cam-07-1024x576.jpg\"                             >\n\n                                <div class=\"col-ano\">\n                                    2018                                <\/div>\n\n                                <div class=\"col-right\">\n                                    <div class=\"col-premio\">Esporte Clube Pinheiros Competition \u2013 Ballroom<\/div>\n\n                                    <div class=\"col-projeto\">\n                                                                                    <a href=\"https:\/\/bk.arq.br\/en\/projeto\/esporte-clube-pinheiros-sf\/\">\n                                                Esporte Clube Pinheiros                                            <\/a>\n                                                                            <\/div>\n\n                                    <div class=\"col-categoria\">Institucional <\/div>\n                                    <div class=\"col-honraria\">1st Prize <\/div>\n                                <\/div>\n\n                            <\/div>\n\n                                                                    \n                                                    \n                            <div\n                                class=\"premios-row year-start year-end\"\n                                 data-link=\"https:\/\/bk.arq.br\/en\/projeto\/esporte-clube-pinheiros-cbs\/\"                                  data-image=\"https:\/\/bk.arq.br\/wp-content\/uploads\/2026\/03\/ECP-Imagem-03-1024x512.jpg\"                             >\n\n                                <div class=\"col-ano\">\n                                    2017                                <\/div>\n\n                                <div class=\"col-right\">\n                                    <div class=\"col-premio\">Esporte Clube Pinheiros Competition  \u2013 Wellness and Health Center <\/div>\n\n                                    <div class=\"col-projeto\">\n                                                                                    <a href=\"https:\/\/bk.arq.br\/en\/projeto\/esporte-clube-pinheiros-cbs\/\">\n                                                Esporte Clube Pinheiros                                            <\/a>\n                                                                            <\/div>\n\n                                    <div class=\"col-categoria\">Institucional <\/div>\n                                    <div class=\"col-honraria\">1st Prize <\/div>\n                                <\/div>\n\n                            <\/div>\n\n                                                                    \n                                                    \n                            <div\n                                class=\"premios-row year-start\"\n                                 data-link=\"https:\/\/bk.arq.br\/en\/projeto\/ceu-pimentas\/\"                                  data-image=\"https:\/\/bk.arq.br\/wp-content\/uploads\/2026\/01\/CEUPimentas_CEU-Pimentas-Legenda-Planta-Pavimento-Superior-19-1024x683.jpg\"                             >\n\n                                <div class=\"col-ano\">\n                                    2016                                <\/div>\n\n                                <div class=\"col-right\">\n                                    <div class=\"col-premio\">Latin American Award <br \/>\nRogelio Salmona<\/div>\n\n                                    <div class=\"col-projeto\">\n                                                                                    <a href=\"https:\/\/bk.arq.br\/en\/projeto\/ceu-pimentas\/\">\n                                                Pimentas Community Center                                             <\/a>\n                                                                            <\/div>\n\n                                    <div class=\"col-categoria\">Open\/Collective Spaces<\/div>\n                                    <div class=\"col-honraria\">Finalist<\/div>\n                                <\/div>\n\n                            <\/div>\n\n                                                    \n                            <div\n                                class=\"premios-row  year-end\"\n                                 data-link=\"https:\/\/bk.arq.br\/en\/projeto\/ppp-julio-prestes\/\"                                  data-image=\"https:\/\/bk.arq.br\/wp-content\/uploads\/2026\/01\/PPP-JulioPrestes-6MG_4219a-874x1024.jpg\"                             >\n\n                                <div class=\"col-ano\">\n                                                                    <\/div>\n\n                                <div class=\"col-right\">\n                                    <div class=\"col-premio\">Competition PPP for<br \/>\nSocial Housing<\/div>\n\n                                    <div class=\"col-projeto\">\n                                                                                    <a href=\"https:\/\/bk.arq.br\/en\/projeto\/ppp-julio-prestes\/\">\n                                                Tender for social housing<br \/>\nJ\u00falio Prestes                                            <\/a>\n                                                                            <\/div>\n\n                                    <div class=\"col-categoria\">Social Interest Housing (HIS)<\/div>\n                                    <div class=\"col-honraria\">1st Prize<\/div>\n                                <\/div>\n\n                            <\/div>\n\n                                                                    \n                                                    \n                            <div\n                                class=\"premios-row year-start year-end\"\n                                 data-link=\"https:\/\/bk.arq.br\/en\/projeto\/vale-do-anhangabau\/\"                                  data-image=\"https:\/\/bk.arq.br\/wp-content\/uploads\/2026\/01\/ValedoAnhangabau_Vale-do-Anhangabau-Imagem-4-Avenida-Sao-Joao-19-1024x764.jpg\"                             >\n\n                                <div class=\"col-ano\">\n                                    2015                                <\/div>\n\n                                <div class=\"col-right\">\n                                    <div class=\"col-premio\">Competition New Urban Design<br \/>\nfor the Anhangaba\u00fa Valley<\/div>\n\n                                    <div class=\"col-projeto\">\n                                                                                    <a href=\"https:\/\/bk.arq.br\/en\/projeto\/vale-do-anhangabau\/\">\n                                                Project of Urban Redevelopment <br \/>\nAnhangaba\u00fa Valley                                            <\/a>\n                                                                            <\/div>\n\n                                    <div class=\"col-categoria\">Urban Infrastructure<\/div>\n                                    <div class=\"col-honraria\">1st Prize<\/div>\n                                <\/div>\n\n                            <\/div>\n\n                                                                    \n                                                    \n                            <div\n                                class=\"premios-row year-start\"\n                                 data-link=\"https:\/\/bk.arq.br\/en\/projeto\/ceu-pimentas\/\"                                  data-image=\"https:\/\/bk.arq.br\/wp-content\/uploads\/2026\/01\/CEUPimentas_CEU-Pimentas-Legenda-Planta-Pavimento-Superior-15-1024x683.jpg\"                             >\n\n                                <div class=\"col-ano\">\n                                    2010                                <\/div>\n\n                                <div class=\"col-right\">\n                                    <div class=\"col-premio\">APCA Award - S\u00e3o Paulo Association of Art Critics<\/div>\n\n                                    <div class=\"col-projeto\">\n                                                                                    <a href=\"https:\/\/bk.arq.br\/en\/projeto\/ceu-pimentas\/\">\n                                                Pimentas Community Center                                            <\/a>\n                                                                            <\/div>\n\n                                    <div class=\"col-categoria\">Best Project in S\u00e3o Paulo<\/div>\n                                    <div class=\"col-honraria\">Awarded<\/div>\n                                <\/div>\n\n                            <\/div>\n\n                                                    \n                            <div\n                                class=\"premios-row\"\n                                 data-link=\"https:\/\/bk.arq.br\/en\/projeto\/ceu-pimentas\/\"                                  data-image=\"https:\/\/bk.arq.br\/wp-content\/uploads\/2026\/01\/CEUPimentas_CEU-Pimentas-Legenda-Planta-Pavimento-Superior-8-1024x683.jpg\"                             >\n\n                                <div class=\"col-ano\">\n                                                                    <\/div>\n\n                                <div class=\"col-right\">\n                                    <div class=\"col-premio\">Rino Levi Award, Institute <br \/>\nof Architects of Brazil (IAB\/SP)<\/div>\n\n                                    <div class=\"col-projeto\">\n                                                                                    <a href=\"https:\/\/bk.arq.br\/en\/projeto\/ceu-pimentas\/\">\n                                                Pimentas Community Center                                            <\/a>\n                                                                            <\/div>\n\n                                    <div class=\"col-categoria\">Best Built Project of the Year<\/div>\n                                    <div class=\"col-honraria\">Awarded<\/div>\n                                <\/div>\n\n                            <\/div>\n\n                                                    \n                            <div\n                                class=\"premios-row\"\n                                 data-link=\"https:\/\/bk.arq.br\/en\/projeto\/aeroporto-internacional-de-sao-paulo-terminal-3\/\"                                  data-image=\"https:\/\/bk.arq.br\/wp-content\/uploads\/2026\/01\/AeroportoInternacionalSaoPaulo_Terminal-3-Imagem-1-vista-aerea-21-1-1024x579.jpg\"                             >\n\n                                <div class=\"col-ano\">\n                                                                    <\/div>\n\n                                <div class=\"col-right\">\n                                    <div class=\"col-premio\">1st Prize in the national competition for<br \/>\nTerminal 3 of the S\u00e3o Paulo-Guarulhos International Airport<\/div>\n\n                                    <div class=\"col-projeto\">\n                                                                                    <a href=\"https:\/\/bk.arq.br\/en\/projeto\/aeroporto-internacional-de-sao-paulo-terminal-3\/\">\n                                                Passenger Terminal 3<br \/>\nS\u00e3o Paulo\/Guarulhos International Airport                                            <\/a>\n                                                                            <\/div>\n\n                                    <div class=\"col-categoria\">Buildings<\/div>\n                                    <div class=\"col-honraria\">1st Prize<\/div>\n                                <\/div>\n\n                            <\/div>\n\n                                                    \n                            <div\n                                class=\"premios-row  year-end\"\n                                 data-link=\"https:\/\/bk.arq.br\/en\/projeto\/conjunto-heliopolis\/\"                                  data-image=\"https:\/\/bk.arq.br\/wp-content\/uploads\/2026\/01\/ConjuntoHabitacionalHeliopolis_Conjunto-Habitacional-Heliopolis-CORTE-TRANSVERSAL-19-1024x683.jpg\"                             >\n\n                                <div class=\"col-ano\">\n                                                                    <\/div>\n\n                                <div class=\"col-right\">\n                                    <div class=\"col-premio\">Exhibition at the Brazilian Pavilion<br \/>\nof the Venice Architecture Biennale<\/div>\n\n                                    <div class=\"col-projeto\">\n                                                                                    <a href=\"https:\/\/bk.arq.br\/en\/projeto\/conjunto-heliopolis\/\">\n                                                Block Heli\u00f3polis - Plot G                                            <\/a>\n                                                                            <\/div>\n\n                                    <div class=\"col-categoria\">Exhibition theme:<br \/>\n\u201cHow Will We Live Together?\u201d<\/div>\n                                    <div class=\"col-honraria\">Invited<\/div>\n                                <\/div>\n\n                            <\/div>\n\n                                                                    \n                                                    \n                            <div\n                                class=\"premios-row year-start year-end\"\n                                 data-link=\"https:\/\/bk.arq.br\/en\/projeto\/centro-judiciario-de-curitiba\/\"                                  data-image=\"https:\/\/bk.arq.br\/wp-content\/uploads\/2026\/01\/Centro-Judiciario-Curitiba-Imagem-4-1024x768.jpg\"                             >\n\n                                <div class=\"col-ano\">\n                                    2006                                <\/div>\n\n                                <div class=\"col-right\">\n                                    <div class=\"col-premio\">National Competition<br \/>\nCuritiba Forum<\/div>\n\n                                    <div class=\"col-projeto\">\n                                                                                    <a href=\"https:\/\/bk.arq.br\/en\/projeto\/centro-judiciario-de-curitiba\/\">\n                                                Curitiba Forum                                            <\/a>\n                                                                            <\/div>\n\n                                    <div class=\"col-categoria\">Buildings<\/div>\n                                    <div class=\"col-honraria\">1st Prize<\/div>\n                                <\/div>\n\n                            <\/div>\n\n                                                                    \n                                                    \n                            <div\n                                class=\"premios-row year-start year-end\"\n                                 data-link=\"https:\/\/bk.arq.br\/en\/projeto\/teatro-de-natal\/\"                                  data-image=\"https:\/\/bk.arq.br\/wp-content\/uploads\/2026\/01\/TeatroNatal_Teatro-de-Natal-Imagem-5-interna-1-1024x768.jpg\"                             >\n\n                                <div class=\"col-ano\">\n                                    2005                                <\/div>\n\n                                <div class=\"col-right\">\n                                    <div class=\"col-premio\">National Competition <br \/>\nNew Theater of Natal<\/div>\n\n                                    <div class=\"col-projeto\">\n                                                                                    <a href=\"https:\/\/bk.arq.br\/en\/projeto\/teatro-de-natal\/\">\n                                                New Theater of Natal                                            <\/a>\n                                                                            <\/div>\n\n                                    <div class=\"col-categoria\">Buildings<\/div>\n                                    <div class=\"col-honraria\">1st Prize<\/div>\n                                <\/div>\n\n                            <\/div>\n\n                                                                    \n                                                    \n                            <div\n                                class=\"premios-row year-start\"\n                                 data-link=\"https:\/\/bk.arq.br\/en\/projeto\/aeroporto-de-florianopolis-ii\/\"                                  data-image=\"https:\/\/bk.arq.br\/wp-content\/uploads\/2026\/01\/AeroportoFlorianopolisII_9MG_8094-1-1-683x1024.jpg\"                             >\n\n                                <div class=\"col-ano\">\n                                    2004                                <\/div>\n\n                                <div class=\"col-right\">\n                                    <div class=\"col-premio\">National Competition <br \/>\nNew Terminal of the Florian\u00f3polis International Airport<\/div>\n\n                                    <div class=\"col-projeto\">\n                                                                                    <a href=\"https:\/\/bk.arq.br\/en\/projeto\/aeroporto-de-florianopolis-ii\/\">\n                                                New Terminal of the Florian\u00f3polis<br \/>\nInternational Airport                                            <\/a>\n                                                                            <\/div>\n\n                                    <div class=\"col-categoria\">Buildings<\/div>\n                                    <div class=\"col-honraria\">1st Prize<\/div>\n                                <\/div>\n\n                            <\/div>\n\n                                                    \n                            <div\n                                class=\"premios-row  year-end\"\n                                                                 data-image=\"https:\/\/bk.arq.br\/wp-content\/uploads\/2026\/03\/render-ia-1024x839.png\"                             >\n\n                                <div class=\"col-ano\">\n                                                                    <\/div>\n\n                                <div class=\"col-right\">\n                                    <div class=\"col-premio\">National Competition for the<br \/>\nheadquarters of FAPERGS in Porto Alegre<\/div>\n\n                                    <div class=\"col-projeto\">\n                                                                                    Headquarters of FAPERGS                                                                            <\/div>\n\n                                    <div class=\"col-categoria\">Buildings<\/div>\n                                    <div class=\"col-honraria\">1st Prize<\/div>\n                                <\/div>\n\n                            <\/div>\n\n                                                                    \n                                                    \n                            <div\n                                class=\"premios-row year-start\"\n                                                                 data-image=\"https:\/\/bk.arq.br\/wp-content\/uploads\/2026\/02\/15G_5109-1-5.png\"                             >\n\n                                <div class=\"col-ano\">\n                                    2003                                <\/div>\n\n                                <div class=\"col-right\">\n                                    <div class=\"col-premio\">Lecture at the 21st Century<br \/>\nUniversity of Salamanca, Spain<\/div>\n\n                                    <div class=\"col-projeto\">\n                                                                                    &#8211;                                                                            <\/div>\n\n                                    <div class=\"col-categoria\">Lecture<\/div>\n                                    <div class=\"col-honraria\">Invited<\/div>\n                                <\/div>\n\n                            <\/div>\n\n                                                    \n                            <div\n                                class=\"premios-row  year-end\"\n                                 data-link=\"https:\/\/bk.arq.br\/en\/projeto\/museu-nan-june-paik\/\"                                  data-image=\"https:\/\/bk.arq.br\/wp-content\/uploads\/2026\/01\/MuseuNanJunePaik_NJP-Museum-cortes-7-1024x578.jpg\"                             >\n\n                                <div class=\"col-ano\">\n                                                                    <\/div>\n\n                                <div class=\"col-right\">\n                                    <div class=\"col-premio\">Competition in the UIA for the<br \/>\nMuseum in Kyongju, South Korea<\/div>\n\n                                    <div class=\"col-projeto\">\n                                                                                    <a href=\"https:\/\/bk.arq.br\/en\/projeto\/museu-nan-june-paik\/\">\n                                                Nam June Paik Museum                                            <\/a>\n                                                                            <\/div>\n\n                                    <div class=\"col-categoria\">Buildings<\/div>\n                                    <div class=\"col-honraria\">Finalist<\/div>\n                                <\/div>\n\n                            <\/div>\n\n                                                                    \n                                                    \n                            <div\n                                class=\"premios-row year-start\"\n                                 data-link=\"https:\/\/bk.arq.br\/en\/projeto\/bienal-de-arte-de-sao-paulo\/\"                                  data-image=\"https:\/\/bk.arq.br\/wp-content\/uploads\/2026\/01\/BienaldeArteSP_Bienal-de-Arte-Foto-22-4-1024x800.jpg\"                             >\n\n                                <div class=\"col-ano\">\n                                    2002                                <\/div>\n\n                                <div class=\"col-right\">\n                                    <div class=\"col-premio\">S\u00e3o Paulo Biennial<\/div>\n\n                                    <div class=\"col-projeto\">\n                                                                                    <a href=\"https:\/\/bk.arq.br\/en\/projeto\/bienal-de-arte-de-sao-paulo\/\">\n                                                50 Years Biennial: Network Voltage                                            <\/a>\n                                                                            <\/div>\n\n                                    <div class=\"col-categoria\">Architecture<\/div>\n                                    <div class=\"col-honraria\">Selected Participant - Exhibition Design Project<\/div>\n                                <\/div>\n\n                            <\/div>\n\n                                                    \n                            <div\n                                class=\"premios-row  year-end\"\n                                                                 data-image=\"https:\/\/bk.arq.br\/wp-content\/uploads\/2026\/02\/15G_5109-1-3.png\"                             >\n\n                                <div class=\"col-ano\">\n                                                                    <\/div>\n\n                                <div class=\"col-right\">\n                                    <div class=\"col-premio\">Architecture and Construction Magazine<\/div>\n\n                                    <div class=\"col-projeto\">\n                                                                                    Experimental House <br \/>\n\"Living in Metropolis\"                                                                            <\/div>\n\n                                    <div class=\"col-categoria\">Cultural Citybank Center<\/div>\n                                    <div class=\"col-honraria\">Awarded<\/div>\n                                <\/div>\n\n                            <\/div>\n\n                                                                    \n                                                    \n                            <div\n                                class=\"premios-row year-start\"\n                                                                 data-image=\"https:\/\/bk.arq.br\/wp-content\/uploads\/2026\/02\/Supervia-Imagem-Plataforma_Andre-1024x531.jpg\"                             >\n\n                                <div class=\"col-ano\">\n                                    2000                                <\/div>\n\n                                <div class=\"col-right\">\n                                    <div class=\"col-premio\">National Competition Supervia<br \/>\nRio de Janeiro<\/div>\n\n                                    <div class=\"col-projeto\">\n                                                                                    S\u00e3o Crist\u00f3v\u00e3o New Station                                                                            <\/div>\n\n                                    <div class=\"col-categoria\">Urban Infrastructure<\/div>\n                                    <div class=\"col-honraria\">1st Prize<\/div>\n                                <\/div>\n\n                            <\/div>\n\n                                                    \n                            <div\n                                class=\"premios-row  year-end\"\n                                 data-link=\"https:\/\/bk.arq.br\/en\/projeto\/biselli-katchborian\/\"                                  data-image=\"https:\/\/bk.arq.br\/wp-content\/uploads\/2026\/02\/EQUIPE-1-1024x559.jpg\"                             >\n\n                                <div class=\"col-ano\">\n                                                                    <\/div>\n\n                                <div class=\"col-right\">\n                                    <div class=\"col-premio\">Annual Award of the Institute<br \/>\nof Architects of Brazil (IAB\/SP)<\/div>\n\n                                    <div class=\"col-projeto\">\n                                                                                    <a href=\"https:\/\/bk.arq.br\/en\/projeto\/biselli-katchborian\/\">\n                                                &#8211;                                            <\/a>\n                                                                            <\/div>\n\n                                    <div class=\"col-categoria\">Best Built Project<\/div>\n                                    <div class=\"col-honraria\">1st Prize<\/div>\n                                <\/div>\n\n                            <\/div>\n\n                                                                    \n                                                    \n                            <div\n                                class=\"premios-row year-start\"\n                                 data-link=\"https:\/\/bk.arq.br\/en\/projeto\/biselli-katchborian\/\"                                  data-image=\"https:\/\/bk.arq.br\/wp-content\/uploads\/2026\/02\/EQUIPE-1-1024x559.jpg\"                             >\n\n                                <div class=\"col-ano\">\n                                    1999                                <\/div>\n\n                                <div class=\"col-right\">\n                                    <div class=\"col-premio\">The 2nd Mies van der Rohe Award<\/div>\n\n                                    <div class=\"col-projeto\">\n                                                                                    <a href=\"https:\/\/bk.arq.br\/en\/projeto\/biselli-katchborian\/\">\n                                                &#8211;                                            <\/a>\n                                                                            <\/div>\n\n                                    <div class=\"col-categoria\">Latin American Architecture<\/div>\n                                    <div class=\"col-honraria\">Nomination<\/div>\n                                <\/div>\n\n                            <\/div>\n\n                                                    \n                            <div\n                                class=\"premios-row\"\n                                 data-link=\"https:\/\/bk.arq.br\/en\/projeto\/biselli-katchborian\/\"                                  data-image=\"https:\/\/bk.arq.br\/wp-content\/uploads\/2026\/02\/EQUIPE-1-1024x559.jpg\"                             >\n\n                                <div class=\"col-ano\">\n                                                                    <\/div>\n\n                                <div class=\"col-right\">\n                                    <div class=\"col-premio\">Annual Award of the Institute<br \/>\nof Architects of Brazil (IAB\/SP)<\/div>\n\n                                    <div class=\"col-projeto\">\n                                                                                    <a href=\"https:\/\/bk.arq.br\/en\/projeto\/biselli-katchborian\/\">\n                                                &#8211;                                             <\/a>\n                                                                            <\/div>\n\n                                    <div class=\"col-categoria\">Best Built Project<\/div>\n                                    <div class=\"col-honraria\">1st Prize<\/div>\n                                <\/div>\n\n                            <\/div>\n\n                                                    \n                            <div\n                                class=\"premios-row  year-end\"\n                                 data-link=\"https:\/\/bk.arq.br\/en\/projeto\/biselli-katchborian\/\"                                  data-image=\"https:\/\/bk.arq.br\/wp-content\/uploads\/2026\/02\/EQUIPE-1-1024x559.jpg\"                             >\n\n                                <div class=\"col-ano\">\n                                                                    <\/div>\n\n                                <div class=\"col-right\">\n                                    <div class=\"col-premio\">IV International Architecture<br \/>\nBiennial of S\u00e3o Paulo<\/div>\n\n                                    <div class=\"col-projeto\">\n                                                                                    <a href=\"https:\/\/bk.arq.br\/en\/projeto\/biselli-katchborian\/\">\n                                                &#8211;                                            <\/a>\n                                                                            <\/div>\n\n                                    <div class=\"col-categoria\">Architecture<\/div>\n                                    <div class=\"col-honraria\">Selected Participant<\/div>\n                                <\/div>\n\n                            <\/div>\n\n                                                                    \n                                                    \n                            <div\n                                class=\"premios-row year-start year-end\"\n                                 data-link=\"https:\/\/bk.arq.br\/en\/projeto\/biselli-katchborian\/\"                                  data-image=\"https:\/\/bk.arq.br\/wp-content\/uploads\/2026\/02\/EQUIPE-1-1024x559.jpg\"                             >\n\n                                <div class=\"col-ano\">\n                                    1993                                <\/div>\n\n                                <div class=\"col-right\">\n                                    <div class=\"col-premio\">II Bienal Internacional de<br \/>\nBiennial of S\u00e3o Paulo<\/div>\n\n                                    <div class=\"col-projeto\">\n                                                                                    <a href=\"https:\/\/bk.arq.br\/en\/projeto\/biselli-katchborian\/\">\n                                                &#8211;                                            <\/a>\n                                                                            <\/div>\n\n                                    <div class=\"col-categoria\">Architecture<\/div>\n                                    <div class=\"col-honraria\">Selected Participant<\/div>\n                                <\/div>\n\n                            <\/div>\n\n                                            \n                <\/div>\n            <\/div>\n            <div class=\"premios-mobile\">\n\n                <div class=\"premios-mobile-carousel\">\n\n                                            \n                            \n                            <div class=\"premio-slide\">\n                                <span class=\"ano\">2025<\/span>\n                                                                    <a href=\"https:\/\/bk.arq.br\/en\/projeto\/conjunto-heliopolis\/\" class=\"premio-image\">\n                                        <img decoding=\"async\" src=\"https:\/\/bk.arq.br\/wp-content\/uploads\/2026\/01\/ConjuntoHabitacionalHeliopolis_Conjunto-Habitacional-Heliopolis-CORTE-TRANSVERSAL-17-1024x683.jpg\" alt=\"\">\n                                    <\/a>\n                                                                <div class=\"premio-info\">\n\n                                <div class=\"premio-row\">\n                                    <div class=\"premio-label\">Awards\/ Competitions<\/div>\n                                    <div class=\"premio-value\">\n                                        First Latin American HIS 2025 Exhibition - Faculty of Architecture, Urbanism and Arts, National University of Engineering, Lima, Peru                                    <\/div>\n                                <\/div>\n\n                                <div class=\"premio-row\">\n                                    <div class=\"premio-label\">Project<\/div>\n                                    <div class=\"premio-value\">\n                                        Block Heli\u00f3polis - Plot G                                    <\/div>\n                                <\/div>\n\n                                <div class=\"premio-row\">\n                                    <div class=\"premio-label\">Category<\/div>\n                                    <div class=\"premio-value\">\n                                        Social Interest Housing (HIS)                                    <\/div>\n                                <\/div>\n\n                                <div class=\"premio-row\">\n                                    <div class=\"premio-label\">Recognition<\/div>\n                                    <div class=\"premio-value\">\n                                        Selected Participant                                    <\/div>\n                                <\/div>\n\n                                <\/div>\n\n\n                            <\/div>\n\n                        \n                            \n                            <div class=\"premio-slide\">\n                                <span class=\"ano\">2025<\/span>\n                                                                    <a href=\"https:\/\/bk.arq.br\/en\/projeto\/parque-edson-arantes-do-nascimento-rei-pele\/\" class=\"premio-image\">\n                                        <img decoding=\"async\" src=\"https:\/\/bk.arq.br\/wp-content\/uploads\/2026\/03\/02-dji_2074-1024x576.jpg\" alt=\"\">\n                                    <\/a>\n                                                                <div class=\"premio-info\">\n\n                                <div class=\"premio-row\">\n                                    <div class=\"premio-label\">Awards\/ Competitions<\/div>\n                                    <div class=\"premio-value\">\n                                        2nd Prize Projeto Magazine                                    <\/div>\n                                <\/div>\n\n                                <div class=\"premio-row\">\n                                    <div class=\"premio-label\">Project<\/div>\n                                    <div class=\"premio-value\">\n                                        Rei Pel\u00e9 \u2013 Edson Arantes do Nascimento Park                                    <\/div>\n                                <\/div>\n\n                                <div class=\"premio-row\">\n                                    <div class=\"premio-label\">Category<\/div>\n                                    <div class=\"premio-value\">\n                                        Infrastructure and Urban Planning                                    <\/div>\n                                <\/div>\n\n                                <div class=\"premio-row\">\n                                    <div class=\"premio-label\">Recognition<\/div>\n                                    <div class=\"premio-value\">\n                                        1st Prize                                    <\/div>\n                                <\/div>\n\n                                <\/div>\n\n\n                            <\/div>\n\n                        \n                            \n                            <div class=\"premio-slide\">\n                                <span class=\"ano\">2025<\/span>\n                                                                    <a href=\"https:\/\/bk.arq.br\/en\/projeto\/ppp-julio-prestes\/\" class=\"premio-image\">\n                                        <img decoding=\"async\" src=\"https:\/\/bk.arq.br\/wp-content\/uploads\/2026\/01\/PPP-JulioPrestes-dji_4807-1024x576.jpg\" alt=\"\">\n                                    <\/a>\n                                                                <div class=\"premio-info\">\n\n                                <div class=\"premio-row\">\n                                    <div class=\"premio-label\">Awards\/ Competitions<\/div>\n                                    <div class=\"premio-value\">\n                                        14th Award of the Brazilian Association<br \/>\nof Industrialized Concrete Construction (ABCIC)                                    <\/div>\n                                <\/div>\n\n                                <div class=\"premio-row\">\n                                    <div class=\"premio-label\">Project<\/div>\n                                    <div class=\"premio-value\">\n                                        COI &#8211; PPP J\u00falio Prestes                                    <\/div>\n                                <\/div>\n\n                                <div class=\"premio-row\">\n                                    <div class=\"premio-label\">Category<\/div>\n                                    <div class=\"premio-value\">\n                                        Small Works                                    <\/div>\n                                <\/div>\n\n                                <div class=\"premio-row\">\n                                    <div class=\"premio-label\">Recognition<\/div>\n                                    <div class=\"premio-value\">\n                                        Honorable Mention                                     <\/div>\n                                <\/div>\n\n                                <\/div>\n\n\n                            <\/div>\n\n                                                                    \n                            \n                            <div class=\"premio-slide\">\n                                <span class=\"ano\">2024<\/span>\n                                                                    <a href=\"https:\/\/bk.arq.br\/en\/projeto\/conjunto-heliopolis\/\" class=\"premio-image\">\n                                        <img decoding=\"async\" src=\"https:\/\/bk.arq.br\/wp-content\/uploads\/2026\/01\/ConjuntoHabitacionalHeliopolis_Conjunto-Habitacional-Heliopolis-CORTE-TRANSVERSAL-14-1024x683.jpg\" alt=\"\">\n                                    <\/a>\n                                                                <div class=\"premio-info\">\n\n                                <div class=\"premio-row\">\n                                    <div class=\"premio-label\">Awards\/ Competitions<\/div>\n                                    <div class=\"premio-value\">\n                                        IAB Award                                    <\/div>\n                                <\/div>\n\n                                <div class=\"premio-row\">\n                                    <div class=\"premio-label\">Project<\/div>\n                                    <div class=\"premio-value\">\n                                        Block Heli\u00f3polis - Plot G                                    <\/div>\n                                <\/div>\n\n                                <div class=\"premio-row\">\n                                    <div class=\"premio-label\">Category<\/div>\n                                    <div class=\"premio-value\">\n                                        Axis 1: Buildings <br \/>\nSocial Interest Housing (HIS)                                    <\/div>\n                                <\/div>\n\n                                <div class=\"premio-row\">\n                                    <div class=\"premio-label\">Recognition<\/div>\n                                    <div class=\"premio-value\">\n                                        Awarded                                    <\/div>\n                                <\/div>\n\n                                <\/div>\n\n\n                            <\/div>\n\n                        \n                            \n                            <div class=\"premio-slide\">\n                                <span class=\"ano\">2024<\/span>\n                                                                    <a href=\"https:\/\/bk.arq.br\/en\/projeto\/sede-administrativa-do-governo-do-estado\/\" class=\"premio-image\">\n                                        <img decoding=\"async\" src=\"https:\/\/bk.arq.br\/wp-content\/uploads\/2026\/01\/SedeAdministrativadoGovernodoEstado_CENTRO-ADMINISTRATIVO_01-5-1024x576.jpg\" alt=\"\">\n                                    <\/a>\n                                                                <div class=\"premio-info\">\n\n                                <div class=\"premio-row\">\n                                    <div class=\"premio-label\">Awards\/ Competitions<\/div>\n                                    <div class=\"premio-value\">\n                                        National competition for the headquarters of the Government<br \/>\nof S\u00e3o Paulo                                    <\/div>\n                                <\/div>\n\n                                <div class=\"premio-row\">\n                                    <div class=\"premio-label\">Project<\/div>\n                                    <div class=\"premio-value\">\n                                        Headquarters of the<br \/>\nGovernment of S\u00e3o Paulo                                    <\/div>\n                                <\/div>\n\n                                <div class=\"premio-row\">\n                                    <div class=\"premio-label\">Category<\/div>\n                                    <div class=\"premio-value\">\n                                        Buildings                                    <\/div>\n                                <\/div>\n\n                                <div class=\"premio-row\">\n                                    <div class=\"premio-label\">Recognition<\/div>\n                                    <div class=\"premio-value\">\n                                        Honorable Mention                                    <\/div>\n                                <\/div>\n\n                                <\/div>\n\n\n                            <\/div>\n\n                                                                    \n                            \n                            <div class=\"premio-slide\">\n                                <span class=\"ano\">2021<\/span>\n                                                                    <a href=\"https:\/\/bk.arq.br\/en\/projeto\/aeroporto-de-florianopolis-ii\/\" class=\"premio-image\">\n                                        <img decoding=\"async\" src=\"https:\/\/bk.arq.br\/wp-content\/uploads\/2026\/01\/AeroportoFlorianopolisII_9MG_8094-14-1024x683.jpg\" alt=\"\">\n                                    <\/a>\n                                                                <div class=\"premio-info\">\n\n                                <div class=\"premio-row\">\n                                    <div class=\"premio-label\">Awards\/ Competitions<\/div>\n                                    <div class=\"premio-value\">\n                                        Saint-Gobain Architecture Award<br \/>\nAsBEA                                    <\/div>\n                                <\/div>\n\n                                <div class=\"premio-row\">\n                                    <div class=\"premio-label\">Project<\/div>\n                                    <div class=\"premio-value\">\n                                        Florian\u00f3polis Airport<br \/>\nInternational Passenger Terminal                                    <\/div>\n                                <\/div>\n\n                                <div class=\"premio-row\">\n                                    <div class=\"premio-label\">Category<\/div>\n                                    <div class=\"premio-value\">\n                                        Institutional Building                                    <\/div>\n                                <\/div>\n\n                                <div class=\"premio-row\">\n                                    <div class=\"premio-label\">Recognition<\/div>\n                                    <div class=\"premio-value\">\n                                        Best Project of the Edition                                    <\/div>\n                                <\/div>\n\n                                <\/div>\n\n\n                            <\/div>\n\n                        \n                            \n                            <div class=\"premio-slide\">\n                                <span class=\"ano\">2021<\/span>\n                                                                    <a href=\"https:\/\/bk.arq.br\/en\/projeto\/autoglass\/\" class=\"premio-image\">\n                                        <img decoding=\"async\" src=\"https:\/\/bk.arq.br\/wp-content\/uploads\/2026\/01\/Autoglass_11G_9139a-8-1024x683.jpg\" alt=\"\">\n                                    <\/a>\n                                                                <div class=\"premio-info\">\n\n                                <div class=\"premio-row\">\n                                    <div class=\"premio-label\">Awards\/ Competitions<\/div>\n                                    <div class=\"premio-value\">\n                                        IAB-ES Award \u2013 Centenary Edition                                    <\/div>\n                                <\/div>\n\n                                <div class=\"premio-row\">\n                                    <div class=\"premio-label\">Project<\/div>\n                                    <div class=\"premio-value\">\n                                        Autoglass Headquarters                                    <\/div>\n                                <\/div>\n\n                                <div class=\"premio-row\">\n                                    <div class=\"premio-label\">Category<\/div>\n                                    <div class=\"premio-value\">\n                                        Buildings                                     <\/div>\n                                <\/div>\n\n                                <div class=\"premio-row\">\n                                    <div class=\"premio-label\">Recognition<\/div>\n                                    <div class=\"premio-value\">\n                                        Selected Participant                                     <\/div>\n                                <\/div>\n\n                                <\/div>\n\n\n                            <\/div>\n\n                        \n                            \n                            <div class=\"premio-slide\">\n                                <span class=\"ano\">2021<\/span>\n                                                                    <a href=\"https:\/\/bk.arq.br\/en\/projeto\/etapa-vila-mascote\/\" class=\"premio-image\">\n                                        <img decoding=\"async\" src=\"https:\/\/bk.arq.br\/wp-content\/uploads\/2026\/01\/ColegioEtapa_11G_2143-8-1024x1024.jpg\" alt=\"\">\n                                    <\/a>\n                                                                <div class=\"premio-info\">\n\n                                <div class=\"premio-row\">\n                                    <div class=\"premio-label\">Awards\/ Competitions<\/div>\n                                    <div class=\"premio-value\">\n                                        IAB-SP Award \u2013 Centenary Edition                                    <\/div>\n                                <\/div>\n\n                                <div class=\"premio-row\">\n                                    <div class=\"premio-label\">Project<\/div>\n                                    <div class=\"premio-value\">\n                                        Etapa Vila Mascote School                                    <\/div>\n                                <\/div>\n\n                                <div class=\"premio-row\">\n                                    <div class=\"premio-label\">Category<\/div>\n                                    <div class=\"premio-value\">\n                                        Buildings                                     <\/div>\n                                <\/div>\n\n                                <div class=\"premio-row\">\n                                    <div class=\"premio-label\">Recognition<\/div>\n                                    <div class=\"premio-value\">\n                                        Selected Participant                                     <\/div>\n                                <\/div>\n\n                                <\/div>\n\n\n                            <\/div>\n\n                                                                    \n                            \n                            <div class=\"premio-slide\">\n                                <span class=\"ano\">2020<\/span>\n                                                                    <a href=\"https:\/\/bk.arq.br\/en\/projeto\/aeroporto-de-florianopolis-ii\/\" class=\"premio-image\">\n                                        <img decoding=\"async\" src=\"https:\/\/bk.arq.br\/wp-content\/uploads\/2026\/01\/AeroportoFlorianopolisII_9MG_8094-5-1-1024x683.jpg\" alt=\"\">\n                                    <\/a>\n                                                                <div class=\"premio-info\">\n\n                                <div class=\"premio-row\">\n                                    <div class=\"premio-label\">Awards\/ Competitions<\/div>\n                                    <div class=\"premio-value\">\n                                        Pan-American Architecture Biennial of Quito 2020                                     <\/div>\n                                <\/div>\n\n                                <div class=\"premio-row\">\n                                    <div class=\"premio-label\">Project<\/div>\n                                    <div class=\"premio-value\">\n                                        Florian\u00f3polis Airport<br \/>\nInternational Passenger Terminal<br \/>\n                                    <\/div>\n                                <\/div>\n\n                                <div class=\"premio-row\">\n                                    <div class=\"premio-label\">Category<\/div>\n                                    <div class=\"premio-value\">\n                                        Institutional Building                                    <\/div>\n                                <\/div>\n\n                                <div class=\"premio-row\">\n                                    <div class=\"premio-label\">Recognition<\/div>\n                                    <div class=\"premio-value\">\n                                        Selected Participant                                    <\/div>\n                                <\/div>\n\n                                <\/div>\n\n\n                            <\/div>\n\n                        \n                            \n                            <div class=\"premio-slide\">\n                                <span class=\"ano\">2020<\/span>\n                                                                    <a href=\"https:\/\/bk.arq.br\/en\/projeto\/aeroporto-de-florianopolis-ii\/\" class=\"premio-image\">\n                                        <img decoding=\"async\" src=\"https:\/\/bk.arq.br\/wp-content\/uploads\/2026\/01\/AeroportoFlorianopolisII_9MG_8094-10-1-1024x687.jpg\" alt=\"\">\n                                    <\/a>\n                                                                <div class=\"premio-info\">\n\n                                <div class=\"premio-row\">\n                                    <div class=\"premio-label\">Awards\/ Competitions<\/div>\n                                    <div class=\"premio-value\">\n                                        Oscar Niemeyer Award for Latin American Architecture \u2013 \"ON Award\" \u2013 UIA 2020-Rio                                    <\/div>\n                                <\/div>\n\n                                <div class=\"premio-row\">\n                                    <div class=\"premio-label\">Project<\/div>\n                                    <div class=\"premio-value\">\n                                        Florian\u00f3polis Airport<br \/>\nInternational Passenger Terminal                                    <\/div>\n                                <\/div>\n\n                                <div class=\"premio-row\">\n                                    <div class=\"premio-label\">Category<\/div>\n                                    <div class=\"premio-value\">\n                                        Best Built Project                                    <\/div>\n                                <\/div>\n\n                                <div class=\"premio-row\">\n                                    <div class=\"premio-label\">Recognition<\/div>\n                                    <div class=\"premio-value\">\n                                        Selected Participant                                     <\/div>\n                                <\/div>\n\n                                <\/div>\n\n\n                            <\/div>\n\n                                                                    \n                            \n                            <div class=\"premio-slide\">\n                                <span class=\"ano\">2018<\/span>\n                                                                    <a href=\"https:\/\/bk.arq.br\/en\/projeto\/esporte-clube-pinheiros-sf\/\" class=\"premio-image\">\n                                        <img decoding=\"async\" src=\"https:\/\/bk.arq.br\/wp-content\/uploads\/2026\/03\/cam-07-1024x576.jpg\" alt=\"\">\n                                    <\/a>\n                                                                <div class=\"premio-info\">\n\n                                <div class=\"premio-row\">\n                                    <div class=\"premio-label\">Awards\/ Competitions<\/div>\n                                    <div class=\"premio-value\">\n                                        Esporte Clube Pinheiros Competition \u2013 Ballroom                                    <\/div>\n                                <\/div>\n\n                                <div class=\"premio-row\">\n                                    <div class=\"premio-label\">Project<\/div>\n                                    <div class=\"premio-value\">\n                                        Esporte Clube Pinheiros                                    <\/div>\n                                <\/div>\n\n                                <div class=\"premio-row\">\n                                    <div class=\"premio-label\">Category<\/div>\n                                    <div class=\"premio-value\">\n                                        Institucional                                     <\/div>\n                                <\/div>\n\n                                <div class=\"premio-row\">\n                                    <div class=\"premio-label\">Recognition<\/div>\n                                    <div class=\"premio-value\">\n                                        1st Prize                                     <\/div>\n                                <\/div>\n\n                                <\/div>\n\n\n                            <\/div>\n\n                                                                    \n                            \n                            <div class=\"premio-slide\">\n                                <span class=\"ano\">2017<\/span>\n                                                                    <a href=\"https:\/\/bk.arq.br\/en\/projeto\/esporte-clube-pinheiros-cbs\/\" class=\"premio-image\">\n                                        <img decoding=\"async\" src=\"https:\/\/bk.arq.br\/wp-content\/uploads\/2026\/03\/ECP-Imagem-03-1024x512.jpg\" alt=\"\">\n                                    <\/a>\n                                                                <div class=\"premio-info\">\n\n                                <div class=\"premio-row\">\n                                    <div class=\"premio-label\">Awards\/ Competitions<\/div>\n                                    <div class=\"premio-value\">\n                                        Esporte Clube Pinheiros Competition  \u2013 Wellness and Health Center                                     <\/div>\n                                <\/div>\n\n                                <div class=\"premio-row\">\n                                    <div class=\"premio-label\">Project<\/div>\n                                    <div class=\"premio-value\">\n                                        Esporte Clube Pinheiros                                    <\/div>\n                                <\/div>\n\n                                <div class=\"premio-row\">\n                                    <div class=\"premio-label\">Category<\/div>\n                                    <div class=\"premio-value\">\n                                        Institucional                                     <\/div>\n                                <\/div>\n\n                                <div class=\"premio-row\">\n                                    <div class=\"premio-label\">Recognition<\/div>\n                                    <div class=\"premio-value\">\n                                        1st Prize                                     <\/div>\n                                <\/div>\n\n                                <\/div>\n\n\n                            <\/div>\n\n                                                                    \n                            \n                            <div class=\"premio-slide\">\n                                <span class=\"ano\">2016<\/span>\n                                                                    <a href=\"https:\/\/bk.arq.br\/en\/projeto\/ceu-pimentas\/\" class=\"premio-image\">\n                                        <img decoding=\"async\" src=\"https:\/\/bk.arq.br\/wp-content\/uploads\/2026\/01\/CEUPimentas_CEU-Pimentas-Legenda-Planta-Pavimento-Superior-19-1024x683.jpg\" alt=\"\">\n                                    <\/a>\n                                                                <div class=\"premio-info\">\n\n                                <div class=\"premio-row\">\n                                    <div class=\"premio-label\">Awards\/ Competitions<\/div>\n                                    <div class=\"premio-value\">\n                                        Latin American Award <br \/>\nRogelio Salmona                                    <\/div>\n                                <\/div>\n\n                                <div class=\"premio-row\">\n                                    <div class=\"premio-label\">Project<\/div>\n                                    <div class=\"premio-value\">\n                                        Pimentas Community Center                                     <\/div>\n                                <\/div>\n\n                                <div class=\"premio-row\">\n                                    <div class=\"premio-label\">Category<\/div>\n                                    <div class=\"premio-value\">\n                                        Open\/Collective Spaces                                    <\/div>\n                                <\/div>\n\n                                <div class=\"premio-row\">\n                                    <div class=\"premio-label\">Recognition<\/div>\n                                    <div class=\"premio-value\">\n                                        Finalist                                    <\/div>\n                                <\/div>\n\n                                <\/div>\n\n\n                            <\/div>\n\n                        \n                            \n                            <div class=\"premio-slide\">\n                                <span class=\"ano\">2016<\/span>\n                                                                    <a href=\"https:\/\/bk.arq.br\/en\/projeto\/ppp-julio-prestes\/\" class=\"premio-image\">\n                                        <img decoding=\"async\" src=\"https:\/\/bk.arq.br\/wp-content\/uploads\/2026\/01\/PPP-JulioPrestes-6MG_4219a-874x1024.jpg\" alt=\"\">\n                                    <\/a>\n                                                                <div class=\"premio-info\">\n\n                                <div class=\"premio-row\">\n                                    <div class=\"premio-label\">Awards\/ Competitions<\/div>\n                                    <div class=\"premio-value\">\n                                        Competition PPP for<br \/>\nSocial Housing                                    <\/div>\n                                <\/div>\n\n                                <div class=\"premio-row\">\n                                    <div class=\"premio-label\">Project<\/div>\n                                    <div class=\"premio-value\">\n                                        Tender for social housing<br \/>\nJ\u00falio Prestes                                    <\/div>\n                                <\/div>\n\n                                <div class=\"premio-row\">\n                                    <div class=\"premio-label\">Category<\/div>\n                                    <div class=\"premio-value\">\n                                        Social Interest Housing (HIS)                                    <\/div>\n                                <\/div>\n\n                                <div class=\"premio-row\">\n                                    <div class=\"premio-label\">Recognition<\/div>\n                                    <div class=\"premio-value\">\n                                        1st Prize                                    <\/div>\n                                <\/div>\n\n                                <\/div>\n\n\n                            <\/div>\n\n                                                                    \n                            \n                            <div class=\"premio-slide\">\n                                <span class=\"ano\">2015<\/span>\n                                                                    <a href=\"https:\/\/bk.arq.br\/en\/projeto\/vale-do-anhangabau\/\" class=\"premio-image\">\n                                        <img decoding=\"async\" src=\"https:\/\/bk.arq.br\/wp-content\/uploads\/2026\/01\/ValedoAnhangabau_Vale-do-Anhangabau-Imagem-4-Avenida-Sao-Joao-19-1024x764.jpg\" alt=\"\">\n                                    <\/a>\n                                                                <div class=\"premio-info\">\n\n                                <div class=\"premio-row\">\n                                    <div class=\"premio-label\">Awards\/ Competitions<\/div>\n                                    <div class=\"premio-value\">\n                                        Competition New Urban Design<br \/>\nfor the Anhangaba\u00fa Valley                                    <\/div>\n                                <\/div>\n\n                                <div class=\"premio-row\">\n                                    <div class=\"premio-label\">Project<\/div>\n                                    <div class=\"premio-value\">\n                                        Project of Urban Redevelopment <br \/>\nAnhangaba\u00fa Valley                                    <\/div>\n                                <\/div>\n\n                                <div class=\"premio-row\">\n                                    <div class=\"premio-label\">Category<\/div>\n                                    <div class=\"premio-value\">\n                                        Urban Infrastructure                                    <\/div>\n                                <\/div>\n\n                                <div class=\"premio-row\">\n                                    <div class=\"premio-label\">Recognition<\/div>\n                                    <div class=\"premio-value\">\n                                        1st Prize                                    <\/div>\n                                <\/div>\n\n                                <\/div>\n\n\n                            <\/div>\n\n                                                                    \n                            \n                            <div class=\"premio-slide\">\n                                <span class=\"ano\">2010<\/span>\n                                                                    <a href=\"https:\/\/bk.arq.br\/en\/projeto\/ceu-pimentas\/\" class=\"premio-image\">\n                                        <img decoding=\"async\" src=\"https:\/\/bk.arq.br\/wp-content\/uploads\/2026\/01\/CEUPimentas_CEU-Pimentas-Legenda-Planta-Pavimento-Superior-15-1024x683.jpg\" alt=\"\">\n                                    <\/a>\n                                                                <div class=\"premio-info\">\n\n                                <div class=\"premio-row\">\n                                    <div class=\"premio-label\">Awards\/ Competitions<\/div>\n                                    <div class=\"premio-value\">\n                                        APCA Award - S\u00e3o Paulo Association of Art Critics                                    <\/div>\n                                <\/div>\n\n                                <div class=\"premio-row\">\n                                    <div class=\"premio-label\">Project<\/div>\n                                    <div class=\"premio-value\">\n                                        Pimentas Community Center                                    <\/div>\n                                <\/div>\n\n                                <div class=\"premio-row\">\n                                    <div class=\"premio-label\">Category<\/div>\n                                    <div class=\"premio-value\">\n                                        Best Project in S\u00e3o Paulo                                    <\/div>\n                                <\/div>\n\n                                <div class=\"premio-row\">\n                                    <div class=\"premio-label\">Recognition<\/div>\n                                    <div class=\"premio-value\">\n                                        Awarded                                    <\/div>\n                                <\/div>\n\n                                <\/div>\n\n\n                            <\/div>\n\n                        \n                            \n                            <div class=\"premio-slide\">\n                                <span class=\"ano\">2010<\/span>\n                                                                    <a href=\"https:\/\/bk.arq.br\/en\/projeto\/ceu-pimentas\/\" class=\"premio-image\">\n                                        <img decoding=\"async\" src=\"https:\/\/bk.arq.br\/wp-content\/uploads\/2026\/01\/CEUPimentas_CEU-Pimentas-Legenda-Planta-Pavimento-Superior-8-1024x683.jpg\" alt=\"\">\n                                    <\/a>\n                                                                <div class=\"premio-info\">\n\n                                <div class=\"premio-row\">\n                                    <div class=\"premio-label\">Awards\/ Competitions<\/div>\n                                    <div class=\"premio-value\">\n                                        Rino Levi Award, Institute <br \/>\nof Architects of Brazil (IAB\/SP)                                    <\/div>\n                                <\/div>\n\n                                <div class=\"premio-row\">\n                                    <div class=\"premio-label\">Project<\/div>\n                                    <div class=\"premio-value\">\n                                        Pimentas Community Center                                    <\/div>\n                                <\/div>\n\n                                <div class=\"premio-row\">\n                                    <div class=\"premio-label\">Category<\/div>\n                                    <div class=\"premio-value\">\n                                        Best Built Project of the Year                                    <\/div>\n                                <\/div>\n\n                                <div class=\"premio-row\">\n                                    <div class=\"premio-label\">Recognition<\/div>\n                                    <div class=\"premio-value\">\n                                        Awarded                                    <\/div>\n                                <\/div>\n\n                                <\/div>\n\n\n                            <\/div>\n\n                        \n                            \n                            <div class=\"premio-slide\">\n                                <span class=\"ano\">2010<\/span>\n                                                                    <a href=\"https:\/\/bk.arq.br\/en\/projeto\/aeroporto-internacional-de-sao-paulo-terminal-3\/\" class=\"premio-image\">\n                                        <img decoding=\"async\" src=\"https:\/\/bk.arq.br\/wp-content\/uploads\/2026\/01\/AeroportoInternacionalSaoPaulo_Terminal-3-Imagem-1-vista-aerea-21-1-1024x579.jpg\" alt=\"\">\n                                    <\/a>\n                                                                <div class=\"premio-info\">\n\n                                <div class=\"premio-row\">\n                                    <div class=\"premio-label\">Awards\/ Competitions<\/div>\n                                    <div class=\"premio-value\">\n                                        1st Prize in the national competition for<br \/>\nTerminal 3 of the S\u00e3o Paulo-Guarulhos International Airport                                    <\/div>\n                                <\/div>\n\n                                <div class=\"premio-row\">\n                                    <div class=\"premio-label\">Project<\/div>\n                                    <div class=\"premio-value\">\n                                        Passenger Terminal 3<br \/>\nS\u00e3o Paulo\/Guarulhos International Airport                                    <\/div>\n                                <\/div>\n\n                                <div class=\"premio-row\">\n                                    <div class=\"premio-label\">Category<\/div>\n                                    <div class=\"premio-value\">\n                                        Buildings                                    <\/div>\n                                <\/div>\n\n                                <div class=\"premio-row\">\n                                    <div class=\"premio-label\">Recognition<\/div>\n                                    <div class=\"premio-value\">\n                                        1st Prize                                    <\/div>\n                                <\/div>\n\n                                <\/div>\n\n\n                            <\/div>\n\n                        \n                            \n                            <div class=\"premio-slide\">\n                                <span class=\"ano\">2010<\/span>\n                                                                    <a href=\"https:\/\/bk.arq.br\/en\/projeto\/conjunto-heliopolis\/\" class=\"premio-image\">\n                                        <img decoding=\"async\" src=\"https:\/\/bk.arq.br\/wp-content\/uploads\/2026\/01\/ConjuntoHabitacionalHeliopolis_Conjunto-Habitacional-Heliopolis-CORTE-TRANSVERSAL-19-1024x683.jpg\" alt=\"\">\n                                    <\/a>\n                                                                <div class=\"premio-info\">\n\n                                <div class=\"premio-row\">\n                                    <div class=\"premio-label\">Awards\/ Competitions<\/div>\n                                    <div class=\"premio-value\">\n                                        Exhibition at the Brazilian Pavilion<br \/>\nof the Venice Architecture Biennale                                    <\/div>\n                                <\/div>\n\n                                <div class=\"premio-row\">\n                                    <div class=\"premio-label\">Project<\/div>\n                                    <div class=\"premio-value\">\n                                        Block Heli\u00f3polis - Plot G                                    <\/div>\n                                <\/div>\n\n                                <div class=\"premio-row\">\n                                    <div class=\"premio-label\">Category<\/div>\n                                    <div class=\"premio-value\">\n                                        Exhibition theme:<br \/>\n\u201cHow Will We Live Together?\u201d                                    <\/div>\n                                <\/div>\n\n                                <div class=\"premio-row\">\n                                    <div class=\"premio-label\">Recognition<\/div>\n                                    <div class=\"premio-value\">\n                                        Invited                                    <\/div>\n                                <\/div>\n\n                                <\/div>\n\n\n                            <\/div>\n\n                                                                    \n                            \n                            <div class=\"premio-slide\">\n                                <span class=\"ano\">2006<\/span>\n                                                                    <a href=\"https:\/\/bk.arq.br\/en\/projeto\/centro-judiciario-de-curitiba\/\" class=\"premio-image\">\n                                        <img decoding=\"async\" src=\"https:\/\/bk.arq.br\/wp-content\/uploads\/2026\/01\/Centro-Judiciario-Curitiba-Imagem-4-1024x768.jpg\" alt=\"\">\n                                    <\/a>\n                                                                <div class=\"premio-info\">\n\n                                <div class=\"premio-row\">\n                                    <div class=\"premio-label\">Awards\/ Competitions<\/div>\n                                    <div class=\"premio-value\">\n                                        National Competition<br \/>\nCuritiba Forum                                    <\/div>\n                                <\/div>\n\n                                <div class=\"premio-row\">\n                                    <div class=\"premio-label\">Project<\/div>\n                                    <div class=\"premio-value\">\n                                        Curitiba Forum                                    <\/div>\n                                <\/div>\n\n                                <div class=\"premio-row\">\n                                    <div class=\"premio-label\">Category<\/div>\n                                    <div class=\"premio-value\">\n                                        Buildings                                    <\/div>\n                                <\/div>\n\n                                <div class=\"premio-row\">\n                                    <div class=\"premio-label\">Recognition<\/div>\n                                    <div class=\"premio-value\">\n                                        1st Prize                                    <\/div>\n                                <\/div>\n\n                                <\/div>\n\n\n                            <\/div>\n\n                                                                    \n                            \n                            <div class=\"premio-slide\">\n                                <span class=\"ano\">2005<\/span>\n                                                                    <a href=\"https:\/\/bk.arq.br\/en\/projeto\/teatro-de-natal\/\" class=\"premio-image\">\n                                        <img decoding=\"async\" src=\"https:\/\/bk.arq.br\/wp-content\/uploads\/2026\/01\/TeatroNatal_Teatro-de-Natal-Imagem-5-interna-1-1024x768.jpg\" alt=\"\">\n                                    <\/a>\n                                                                <div class=\"premio-info\">\n\n                                <div class=\"premio-row\">\n                                    <div class=\"premio-label\">Awards\/ Competitions<\/div>\n                                    <div class=\"premio-value\">\n                                        National Competition <br \/>\nNew Theater of Natal                                    <\/div>\n                                <\/div>\n\n                                <div class=\"premio-row\">\n                                    <div class=\"premio-label\">Project<\/div>\n                                    <div class=\"premio-value\">\n                                        New Theater of Natal                                    <\/div>\n                                <\/div>\n\n                                <div class=\"premio-row\">\n                                    <div class=\"premio-label\">Category<\/div>\n                                    <div class=\"premio-value\">\n                                        Buildings                                    <\/div>\n                                <\/div>\n\n                                <div class=\"premio-row\">\n                                    <div class=\"premio-label\">Recognition<\/div>\n                                    <div class=\"premio-value\">\n                                        1st Prize                                    <\/div>\n                                <\/div>\n\n                                <\/div>\n\n\n                            <\/div>\n\n                                                                    \n                            \n                            <div class=\"premio-slide\">\n                                <span class=\"ano\">2004<\/span>\n                                                                    <a href=\"https:\/\/bk.arq.br\/en\/projeto\/aeroporto-de-florianopolis-ii\/\" class=\"premio-image\">\n                                        <img decoding=\"async\" src=\"https:\/\/bk.arq.br\/wp-content\/uploads\/2026\/01\/AeroportoFlorianopolisII_9MG_8094-1-1-683x1024.jpg\" alt=\"\">\n                                    <\/a>\n                                                                <div class=\"premio-info\">\n\n                                <div class=\"premio-row\">\n                                    <div class=\"premio-label\">Awards\/ Competitions<\/div>\n                                    <div class=\"premio-value\">\n                                        National Competition <br \/>\nNew Terminal of the Florian\u00f3polis International Airport                                    <\/div>\n                                <\/div>\n\n                                <div class=\"premio-row\">\n                                    <div class=\"premio-label\">Project<\/div>\n                                    <div class=\"premio-value\">\n                                        New Terminal of the Florian\u00f3polis<br \/>\nInternational Airport                                    <\/div>\n                                <\/div>\n\n                                <div class=\"premio-row\">\n                                    <div class=\"premio-label\">Category<\/div>\n                                    <div class=\"premio-value\">\n                                        Buildings                                    <\/div>\n                                <\/div>\n\n                                <div class=\"premio-row\">\n                                    <div class=\"premio-label\">Recognition<\/div>\n                                    <div class=\"premio-value\">\n                                        1st Prize                                    <\/div>\n                                <\/div>\n\n                                <\/div>\n\n\n                            <\/div>\n\n                        \n                            \n                            <div class=\"premio-slide\">\n                                <span class=\"ano\">2004<\/span>\n                                                                    <div class=\"premio-image\">\n                                        <img decoding=\"async\" src=\"https:\/\/bk.arq.br\/wp-content\/uploads\/2026\/03\/render-ia-1024x839.png\" alt=\"\">\n                                    <\/div>\n                                                                <div class=\"premio-info\">\n\n                                <div class=\"premio-row\">\n                                    <div class=\"premio-label\">Awards\/ Competitions<\/div>\n                                    <div class=\"premio-value\">\n                                        National Competition for the<br \/>\nheadquarters of FAPERGS in Porto Alegre                                    <\/div>\n                                <\/div>\n\n                                <div class=\"premio-row\">\n                                    <div class=\"premio-label\">Project<\/div>\n                                    <div class=\"premio-value\">\n                                        Headquarters of FAPERGS                                    <\/div>\n                                <\/div>\n\n                                <div class=\"premio-row\">\n                                    <div class=\"premio-label\">Category<\/div>\n                                    <div class=\"premio-value\">\n                                        Buildings                                    <\/div>\n                                <\/div>\n\n                                <div class=\"premio-row\">\n                                    <div class=\"premio-label\">Recognition<\/div>\n                                    <div class=\"premio-value\">\n                                        1st Prize                                    <\/div>\n                                <\/div>\n\n                                <\/div>\n\n\n                            <\/div>\n\n                                                                    \n                            \n                            <div class=\"premio-slide\">\n                                <span class=\"ano\">2003<\/span>\n                                                                    <div class=\"premio-image\">\n                                        <img decoding=\"async\" src=\"https:\/\/bk.arq.br\/wp-content\/uploads\/2026\/02\/15G_5109-1-5.png\" alt=\"\">\n                                    <\/div>\n                                                                <div class=\"premio-info\">\n\n                                <div class=\"premio-row\">\n                                    <div class=\"premio-label\">Awards\/ Competitions<\/div>\n                                    <div class=\"premio-value\">\n                                        Lecture at the 21st Century<br \/>\nUniversity of Salamanca, Spain                                    <\/div>\n                                <\/div>\n\n                                <div class=\"premio-row\">\n                                    <div class=\"premio-label\">Project<\/div>\n                                    <div class=\"premio-value\">\n                                        &#8211;                                    <\/div>\n                                <\/div>\n\n                                <div class=\"premio-row\">\n                                    <div class=\"premio-label\">Category<\/div>\n                                    <div class=\"premio-value\">\n                                        Lecture                                    <\/div>\n                                <\/div>\n\n                                <div class=\"premio-row\">\n                                    <div class=\"premio-label\">Recognition<\/div>\n                                    <div class=\"premio-value\">\n                                        Invited                                    <\/div>\n                                <\/div>\n\n                                <\/div>\n\n\n                            <\/div>\n\n                        \n                            \n                            <div class=\"premio-slide\">\n                                <span class=\"ano\">2003<\/span>\n                                                                    <a href=\"https:\/\/bk.arq.br\/en\/projeto\/museu-nan-june-paik\/\" class=\"premio-image\">\n                                        <img decoding=\"async\" src=\"https:\/\/bk.arq.br\/wp-content\/uploads\/2026\/01\/MuseuNanJunePaik_NJP-Museum-cortes-7-1024x578.jpg\" alt=\"\">\n                                    <\/a>\n                                                                <div class=\"premio-info\">\n\n                                <div class=\"premio-row\">\n                                    <div class=\"premio-label\">Awards\/ Competitions<\/div>\n                                    <div class=\"premio-value\">\n                                        Competition in the UIA for the<br \/>\nMuseum in Kyongju, South Korea                                    <\/div>\n                                <\/div>\n\n                                <div class=\"premio-row\">\n                                    <div class=\"premio-label\">Project<\/div>\n                                    <div class=\"premio-value\">\n                                        Nam June Paik Museum                                    <\/div>\n                                <\/div>\n\n                                <div class=\"premio-row\">\n                                    <div class=\"premio-label\">Category<\/div>\n                                    <div class=\"premio-value\">\n                                        Buildings                                    <\/div>\n                                <\/div>\n\n                                <div class=\"premio-row\">\n                                    <div class=\"premio-label\">Recognition<\/div>\n                                    <div class=\"premio-value\">\n                                        Finalist                                    <\/div>\n                                <\/div>\n\n                                <\/div>\n\n\n                            <\/div>\n\n                                                                    \n                            \n                            <div class=\"premio-slide\">\n                                <span class=\"ano\">2002<\/span>\n                                                                    <a href=\"https:\/\/bk.arq.br\/en\/projeto\/bienal-de-arte-de-sao-paulo\/\" class=\"premio-image\">\n                                        <img decoding=\"async\" src=\"https:\/\/bk.arq.br\/wp-content\/uploads\/2026\/01\/BienaldeArteSP_Bienal-de-Arte-Foto-22-4-1024x800.jpg\" alt=\"\">\n                                    <\/a>\n                                                                <div class=\"premio-info\">\n\n                                <div class=\"premio-row\">\n                                    <div class=\"premio-label\">Awards\/ Competitions<\/div>\n                                    <div class=\"premio-value\">\n                                        S\u00e3o Paulo Biennial                                    <\/div>\n                                <\/div>\n\n                                <div class=\"premio-row\">\n                                    <div class=\"premio-label\">Project<\/div>\n                                    <div class=\"premio-value\">\n                                        50 Years Biennial: Network Voltage                                    <\/div>\n                                <\/div>\n\n                                <div class=\"premio-row\">\n                                    <div class=\"premio-label\">Category<\/div>\n                                    <div class=\"premio-value\">\n                                        Architecture                                    <\/div>\n                                <\/div>\n\n                                <div class=\"premio-row\">\n                                    <div class=\"premio-label\">Recognition<\/div>\n                                    <div class=\"premio-value\">\n                                        Selected Participant - Exhibition Design Project                                    <\/div>\n                                <\/div>\n\n                                <\/div>\n\n\n                            <\/div>\n\n                        \n                            \n                            <div class=\"premio-slide\">\n                                <span class=\"ano\">2002<\/span>\n                                                                    <div class=\"premio-image\">\n                                        <img decoding=\"async\" src=\"https:\/\/bk.arq.br\/wp-content\/uploads\/2026\/02\/15G_5109-1-3.png\" alt=\"\">\n                                    <\/div>\n                                                                <div class=\"premio-info\">\n\n                                <div class=\"premio-row\">\n                                    <div class=\"premio-label\">Awards\/ Competitions<\/div>\n                                    <div class=\"premio-value\">\n                                        Architecture and Construction Magazine                                    <\/div>\n                                <\/div>\n\n                                <div class=\"premio-row\">\n                                    <div class=\"premio-label\">Project<\/div>\n                                    <div class=\"premio-value\">\n                                        Experimental House <br \/>\n\"Living in Metropolis\"                                    <\/div>\n                                <\/div>\n\n                                <div class=\"premio-row\">\n                                    <div class=\"premio-label\">Category<\/div>\n                                    <div class=\"premio-value\">\n                                        Cultural Citybank Center                                    <\/div>\n                                <\/div>\n\n                                <div class=\"premio-row\">\n                                    <div class=\"premio-label\">Recognition<\/div>\n                                    <div class=\"premio-value\">\n                                        Awarded                                    <\/div>\n                                <\/div>\n\n                                <\/div>\n\n\n                            <\/div>\n\n                                                                    \n                            \n                            <div class=\"premio-slide\">\n                                <span class=\"ano\">2000<\/span>\n                                                                    <div class=\"premio-image\">\n                                        <img decoding=\"async\" src=\"https:\/\/bk.arq.br\/wp-content\/uploads\/2026\/02\/Supervia-Imagem-Plataforma_Andre-1024x531.jpg\" alt=\"\">\n                                    <\/div>\n                                                                <div class=\"premio-info\">\n\n                                <div class=\"premio-row\">\n                                    <div class=\"premio-label\">Awards\/ Competitions<\/div>\n                                    <div class=\"premio-value\">\n                                        National Competition Supervia<br \/>\nRio de Janeiro                                    <\/div>\n                                <\/div>\n\n                                <div class=\"premio-row\">\n                                    <div class=\"premio-label\">Project<\/div>\n                                    <div class=\"premio-value\">\n                                        S\u00e3o Crist\u00f3v\u00e3o New Station                                    <\/div>\n                                <\/div>\n\n                                <div class=\"premio-row\">\n                                    <div class=\"premio-label\">Category<\/div>\n                                    <div class=\"premio-value\">\n                                        Urban Infrastructure                                    <\/div>\n                                <\/div>\n\n                                <div class=\"premio-row\">\n                                    <div class=\"premio-label\">Recognition<\/div>\n                                    <div class=\"premio-value\">\n                                        1st Prize                                    <\/div>\n                                <\/div>\n\n                                <\/div>\n\n\n                            <\/div>\n\n                        \n                            \n                            <div class=\"premio-slide\">\n                                <span class=\"ano\">2000<\/span>\n                                                                    <a href=\"https:\/\/bk.arq.br\/en\/projeto\/biselli-katchborian\/\" class=\"premio-image\">\n                                        <img decoding=\"async\" src=\"https:\/\/bk.arq.br\/wp-content\/uploads\/2026\/02\/EQUIPE-1-1024x559.jpg\" alt=\"\">\n                                    <\/a>\n                                                                <div class=\"premio-info\">\n\n                                <div class=\"premio-row\">\n                                    <div class=\"premio-label\">Awards\/ Competitions<\/div>\n                                    <div class=\"premio-value\">\n                                        Annual Award of the Institute<br \/>\nof Architects of Brazil (IAB\/SP)                                    <\/div>\n                                <\/div>\n\n                                <div class=\"premio-row\">\n                                    <div class=\"premio-label\">Project<\/div>\n                                    <div class=\"premio-value\">\n                                        &#8211;                                    <\/div>\n                                <\/div>\n\n                                <div class=\"premio-row\">\n                                    <div class=\"premio-label\">Category<\/div>\n                                    <div class=\"premio-value\">\n                                        Best Built Project                                    <\/div>\n                                <\/div>\n\n                                <div class=\"premio-row\">\n                                    <div class=\"premio-label\">Recognition<\/div>\n                                    <div class=\"premio-value\">\n                                        1st Prize                                    <\/div>\n                                <\/div>\n\n                                <\/div>\n\n\n                            <\/div>\n\n                                                                    \n                            \n                            <div class=\"premio-slide\">\n                                <span class=\"ano\">1999<\/span>\n                                                                    <a href=\"https:\/\/bk.arq.br\/en\/projeto\/biselli-katchborian\/\" class=\"premio-image\">\n                                        <img decoding=\"async\" src=\"https:\/\/bk.arq.br\/wp-content\/uploads\/2026\/02\/EQUIPE-1-1024x559.jpg\" alt=\"\">\n                                    <\/a>\n                                                                <div class=\"premio-info\">\n\n                                <div class=\"premio-row\">\n                                    <div class=\"premio-label\">Awards\/ Competitions<\/div>\n                                    <div class=\"premio-value\">\n                                        The 2nd Mies van der Rohe Award                                    <\/div>\n                                <\/div>\n\n                                <div class=\"premio-row\">\n                                    <div class=\"premio-label\">Project<\/div>\n                                    <div class=\"premio-value\">\n                                        &#8211;                                    <\/div>\n                                <\/div>\n\n                                <div class=\"premio-row\">\n                                    <div class=\"premio-label\">Category<\/div>\n                                    <div class=\"premio-value\">\n                                        Latin American Architecture                                    <\/div>\n                                <\/div>\n\n                                <div class=\"premio-row\">\n                                    <div class=\"premio-label\">Recognition<\/div>\n                                    <div class=\"premio-value\">\n                                        Nomination                                    <\/div>\n                                <\/div>\n\n                                <\/div>\n\n\n                            <\/div>\n\n                        \n                            \n                            <div class=\"premio-slide\">\n                                <span class=\"ano\">1999<\/span>\n                                                                    <a href=\"https:\/\/bk.arq.br\/en\/projeto\/biselli-katchborian\/\" class=\"premio-image\">\n                                        <img decoding=\"async\" src=\"https:\/\/bk.arq.br\/wp-content\/uploads\/2026\/02\/EQUIPE-1-1024x559.jpg\" alt=\"\">\n                                    <\/a>\n                                                                <div class=\"premio-info\">\n\n                                <div class=\"premio-row\">\n                                    <div class=\"premio-label\">Awards\/ Competitions<\/div>\n                                    <div class=\"premio-value\">\n                                        Annual Award of the Institute<br \/>\nof Architects of Brazil (IAB\/SP)                                    <\/div>\n                                <\/div>\n\n                                <div class=\"premio-row\">\n                                    <div class=\"premio-label\">Project<\/div>\n                                    <div class=\"premio-value\">\n                                        &#8211;                                     <\/div>\n                                <\/div>\n\n                                <div class=\"premio-row\">\n                                    <div class=\"premio-label\">Category<\/div>\n                                    <div class=\"premio-value\">\n                                        Best Built Project                                    <\/div>\n                                <\/div>\n\n                                <div class=\"premio-row\">\n                                    <div class=\"premio-label\">Recognition<\/div>\n                                    <div class=\"premio-value\">\n                                        1st Prize                                    <\/div>\n                                <\/div>\n\n                                <\/div>\n\n\n                            <\/div>\n\n                        \n                            \n                            <div class=\"premio-slide\">\n                                <span class=\"ano\">1999<\/span>\n                                                                    <a href=\"https:\/\/bk.arq.br\/en\/projeto\/biselli-katchborian\/\" class=\"premio-image\">\n                                        <img decoding=\"async\" src=\"https:\/\/bk.arq.br\/wp-content\/uploads\/2026\/02\/EQUIPE-1-1024x559.jpg\" alt=\"\">\n                                    <\/a>\n                                                                <div class=\"premio-info\">\n\n                                <div class=\"premio-row\">\n                                    <div class=\"premio-label\">Awards\/ Competitions<\/div>\n                                    <div class=\"premio-value\">\n                                        IV International Architecture<br \/>\nBiennial of S\u00e3o Paulo                                    <\/div>\n                                <\/div>\n\n                                <div class=\"premio-row\">\n                                    <div class=\"premio-label\">Project<\/div>\n                                    <div class=\"premio-value\">\n                                        &#8211;                                    <\/div>\n                                <\/div>\n\n                                <div class=\"premio-row\">\n                                    <div class=\"premio-label\">Category<\/div>\n                                    <div class=\"premio-value\">\n                                        Architecture                                    <\/div>\n                                <\/div>\n\n                                <div class=\"premio-row\">\n                                    <div class=\"premio-label\">Recognition<\/div>\n                                    <div class=\"premio-value\">\n                                        Selected Participant                                    <\/div>\n                                <\/div>\n\n                                <\/div>\n\n\n                            <\/div>\n\n                                                                    \n                            \n                            <div class=\"premio-slide\">\n                                <span class=\"ano\">1993<\/span>\n                                                                    <a href=\"https:\/\/bk.arq.br\/en\/projeto\/biselli-katchborian\/\" class=\"premio-image\">\n                                        <img decoding=\"async\" src=\"https:\/\/bk.arq.br\/wp-content\/uploads\/2026\/02\/EQUIPE-1-1024x559.jpg\" alt=\"\">\n                                    <\/a>\n                                                                <div class=\"premio-info\">\n\n                                <div class=\"premio-row\">\n                                    <div class=\"premio-label\">Awards\/ Competitions<\/div>\n                                    <div class=\"premio-value\">\n                                        II Bienal Internacional de<br \/>\nBiennial of S\u00e3o Paulo                                    <\/div>\n                                <\/div>\n\n                                <div class=\"premio-row\">\n                                    <div class=\"premio-label\">Project<\/div>\n                                    <div class=\"premio-value\">\n                                        &#8211;                                    <\/div>\n                                <\/div>\n\n                                <div class=\"premio-row\">\n                                    <div class=\"premio-label\">Category<\/div>\n                                    <div class=\"premio-value\">\n                                        Architecture                                    <\/div>\n                                <\/div>\n\n                                <div class=\"premio-row\">\n                                    <div class=\"premio-label\">Recognition<\/div>\n                                    <div class=\"premio-value\">\n                                        Selected Participant                                    <\/div>\n                                <\/div>\n\n                                <\/div>\n\n\n                            <\/div>\n\n                                            \n                <\/div>\n            <\/div>\n\n\n            \n\n\n<p><\/p>","protected":false},"excerpt":{"rendered":"","protected":false},"author":1,"featured_media":0,"parent":0,"menu_order":0,"comment_status":"closed","ping_status":"closed","template":"","meta":{"_acf_changed":false,"footnotes":""},"class_list":["post-1521","page","type-page","status-publish","hentry"],"acf":[],"yoast_head":"<!-- This site is optimized with the Yoast SEO plugin v27.4 - https:\/\/yoast.com\/product\/yoast-seo-wordpress\/ -->\n<title>Premia\u00e7\u00f5es - Biselli Katchborian<\/title>\n<meta name=\"robots\" content=\"index, follow, max-snippet:-1, max-image-preview:large, max-video-preview:-1\" \/>\n<link rel=\"canonical\" href=\"https:\/\/bk.arq.br\/en\/premiacoes\/\" \/>\n<meta property=\"og:locale\" content=\"en_US\" \/>\n<meta property=\"og:type\" content=\"article\" \/>\n<meta property=\"og:title\" content=\"Premia\u00e7\u00f5es - Biselli Katchborian\" \/>\n<meta property=\"og:url\" content=\"https:\/\/bk.arq.br\/en\/premiacoes\/\" \/>\n<meta property=\"og:site_name\" content=\"Biselli Katchborian\" \/>\n<meta property=\"article:modified_time\" content=\"2026-03-26T19:38:10+00:00\" \/>\n<meta property=\"og:image\" content=\"https:\/\/bk.arq.br\/wp-content\/uploads\/2026\/01\/FRS_41DJI_0162_65-16.jpg\" \/>\n\t<meta property=\"og:image:width\" content=\"878\" \/>\n\t<meta property=\"og:image:height\" content=\"586\" \/>\n\t<meta property=\"og:image:type\" content=\"image\/jpeg\" \/>\n<meta name=\"twitter:card\" content=\"summary_large_image\" \/>\n<script type=\"application\/ld+json\" class=\"yoast-schema-graph\">{\"@context\":\"https:\\\/\\\/schema.org\",\"@graph\":[{\"@type\":\"WebPage\",\"@id\":\"https:\\\/\\\/bk.arq.br\\\/premiacoes\\\/\",\"url\":\"https:\\\/\\\/bk.arq.br\\\/premiacoes\\\/\",\"name\":\"Premia\u00e7\u00f5es - Biselli Katchborian\",\"isPartOf\":{\"@id\":\"https:\\\/\\\/bk.arq.br\\\/#website\"},\"datePublished\":\"2026-02-02T23:17:12+00:00\",\"dateModified\":\"2026-03-26T19:38:10+00:00\",\"breadcrumb\":{\"@id\":\"https:\\\/\\\/bk.arq.br\\\/premiacoes\\\/#breadcrumb\"},\"inLanguage\":\"en-US\",\"potentialAction\":[{\"@type\":\"ReadAction\",\"target\":[\"https:\\\/\\\/bk.arq.br\\\/premiacoes\\\/\"]}]},{\"@type\":\"BreadcrumbList\",\"@id\":\"https:\\\/\\\/bk.arq.br\\\/premiacoes\\\/#breadcrumb\",\"itemListElement\":[{\"@type\":\"ListItem\",\"position\":1,\"name\":\"Home\",\"item\":\"https:\\\/\\\/bk.arq.br\\\/\"},{\"@type\":\"ListItem\",\"position\":2,\"name\":\"Premia\u00e7\u00f5es\"}]},{\"@type\":\"WebSite\",\"@id\":\"https:\\\/\\\/bk.arq.br\\\/#website\",\"url\":\"https:\\\/\\\/bk.arq.br\\\/\",\"name\":\"Biselli Katchborian\",\"description\":\"Escrit\u00f3rio de arquitetura e urbanismo\",\"alternateName\":\"BK\",\"potentialAction\":[{\"@type\":\"SearchAction\",\"target\":{\"@type\":\"EntryPoint\",\"urlTemplate\":\"https:\\\/\\\/bk.arq.br\\\/?s={search_term_string}\"},\"query-input\":{\"@type\":\"PropertyValueSpecification\",\"valueRequired\":true,\"valueName\":\"search_term_string\"}}],\"inLanguage\":\"en-US\"}]}<\/script>\n<!-- \/ Yoast SEO plugin. -->","yoast_head_json":{"title":"Premia\u00e7\u00f5es - Biselli Katchborian","robots":{"index":"index","follow":"follow","max-snippet":"max-snippet:-1","max-image-preview":"max-image-preview:large","max-video-preview":"max-video-preview:-1"},"canonical":"https:\/\/bk.arq.br\/en\/premiacoes\/","og_locale":"en_US","og_type":"article","og_title":"Premia\u00e7\u00f5es - Biselli Katchborian","og_url":"https:\/\/bk.arq.br\/en\/premiacoes\/","og_site_name":"Biselli Katchborian","article_modified_time":"2026-03-26T19:38:10+00:00","og_image":[{"width":878,"height":586,"url":"https:\/\/bk.arq.br\/wp-content\/uploads\/2026\/01\/FRS_41DJI_0162_65-16.jpg","type":"image\/jpeg"}],"twitter_card":"summary_large_image","schema":{"@context":"https:\/\/schema.org","@graph":[{"@type":"WebPage","@id":"https:\/\/bk.arq.br\/premiacoes\/","url":"https:\/\/bk.arq.br\/premiacoes\/","name":"Premia\u00e7\u00f5es - Biselli Katchborian","isPartOf":{"@id":"https:\/\/bk.arq.br\/#website"},"datePublished":"2026-02-02T23:17:12+00:00","dateModified":"2026-03-26T19:38:10+00:00","breadcrumb":{"@id":"https:\/\/bk.arq.br\/premiacoes\/#breadcrumb"},"inLanguage":"en-US","potentialAction":[{"@type":"ReadAction","target":["https:\/\/bk.arq.br\/premiacoes\/"]}]},{"@type":"BreadcrumbList","@id":"https:\/\/bk.arq.br\/premiacoes\/#breadcrumb","itemListElement":[{"@type":"ListItem","position":1,"name":"Home","item":"https:\/\/bk.arq.br\/"},{"@type":"ListItem","position":2,"name":"Premia\u00e7\u00f5es"}]},{"@type":"WebSite","@id":"https:\/\/bk.arq.br\/#website","url":"https:\/\/bk.arq.br\/","name":"Biselli Katchborian","description":"Escrit\u00f3rio de arquitetura e urbanismo","alternateName":"BK","potentialAction":[{"@type":"SearchAction","target":{"@type":"EntryPoint","urlTemplate":"https:\/\/bk.arq.br\/?s={search_term_string}"},"query-input":{"@type":"PropertyValueSpecification","valueRequired":true,"valueName":"search_term_string"}}],"inLanguage":"en-US"}]}},"_links":{"self":[{"href":"https:\/\/bk.arq.br\/en\/wp-json\/wp\/v2\/pages\/1521","targetHints":{"allow":["GET"]}}],"collection":[{"href":"https:\/\/bk.arq.br\/en\/wp-json\/wp\/v2\/pages"}],"about":[{"href":"https:\/\/bk.arq.br\/en\/wp-json\/wp\/v2\/types\/page"}],"author":[{"embeddable":true,"href":"https:\/\/bk.arq.br\/en\/wp-json\/wp\/v2\/users\/1"}],"replies":[{"embeddable":true,"href":"https:\/\/bk.arq.br\/en\/wp-json\/wp\/v2\/comments?post=1521"}],"version-history":[{"count":31,"href":"https:\/\/bk.arq.br\/en\/wp-json\/wp\/v2\/pages\/1521\/revisions"}],"predecessor-version":[{"id":3033,"href":"https:\/\/bk.arq.br\/en\/wp-json\/wp\/v2\/pages\/1521\/revisions\/3033"}],"wp:attachment":[{"href":"https:\/\/bk.arq.br\/en\/wp-json\/wp\/v2\/media?parent=1521"}],"curies":[{"name":"wp","href":"https:\/\/api.w.org\/{rel}","templated":true}]}}