{"id":44,"date":"2026-01-29T11:06:43","date_gmt":"2026-01-29T14:06:43","guid":{"rendered":"http:\/\/bk.institucional.ws\/?page_id=44"},"modified":"2026-04-15T12:27:33","modified_gmt":"2026-04-15T15:27:33","slug":"equipe","status":"publish","type":"page","link":"https:\/\/bk.arq.br\/en\/equipe\/","title":{"rendered":"Team"},"content":{"rendered":"<section class=\"equipe\">\n\n    <!-- ===== LINHA 1 \u2013 HERO ===== -->\n    <div class=\"equipe-hero\">\n        <div class=\"col-left\">\n            <h2>BK OFFICE<\/h2>\n            <p><\/p>\n        <\/div>\n\n        <div class=\"col-right\">\n            <img loading=\"lazy\" decoding=\"async\" width=\"2560\" height=\"1399\" src=\"https:\/\/bk.arq.br\/wp-content\/uploads\/2026\/02\/EQUIPE-scaled.jpg\" class=\"attachment-full size-full\" alt=\"\" srcset=\"https:\/\/bk.arq.br\/wp-content\/uploads\/2026\/02\/EQUIPE-scaled.jpg 2560w, https:\/\/bk.arq.br\/wp-content\/uploads\/2026\/02\/EQUIPE-300x164.jpg 300w, https:\/\/bk.arq.br\/wp-content\/uploads\/2026\/02\/EQUIPE-1024x559.jpg 1024w, https:\/\/bk.arq.br\/wp-content\/uploads\/2026\/02\/EQUIPE-768x420.jpg 768w, https:\/\/bk.arq.br\/wp-content\/uploads\/2026\/02\/EQUIPE-1536x839.jpg 1536w, https:\/\/bk.arq.br\/wp-content\/uploads\/2026\/02\/EQUIPE-2048x1119.jpg 2048w, https:\/\/bk.arq.br\/wp-content\/uploads\/2026\/02\/EQUIPE-18x10.jpg 18w\" sizes=\"auto, (max-width: 2560px) 100vw, 2560px\" \/>        <\/div>\n    <\/div>\n        <!-- ===== LINHA 3 \u2013 GRID 2 ===== -->\n        <div class=\"equipe-grid grid-2\">\n\n            <div class=\"col-left equipe-info default\">\n\n                <div class=\"info-default\">\n                    <h3 class=\"info-title-default\">\n                        BK FOUNDING PARTNERS                    <\/h3>\n                <\/div>\n\n                <div class=\"info-hover\">\n                    <div class=\"info-top\">\n                        <h3 class=\"info-title\"><\/h3>\n                        <p class=\"info-subtitle\"><\/p>\n                    <\/div>\n                    <div class=\"info-bottom info-bio\"><\/div>\n                <\/div>\n\n            <\/div>\n\n\n            <div class=\"col-right\">\n                <div class=\"grid\">\n                                            <div\n                            class=\"member\"\n                            data-title=\"MARIO BISELLI\"\n                            data-subtitle=\"&lt;p&gt;S\u00f3cio-diretor\u00a0&lt;\/p&gt;&lt;p&gt;Arquiteto e Urbanista | PhD&lt;\/p&gt;\"\n                            data-bio=\"&lt;p&gt;Professor do Departamento de Projeto da Universidade Presbiteriana Mackenzie (1999) e do Unicentro Belas Artes de S\u00e3o Paulo (1992).&lt;\/p&gt;&lt;p&gt;&lt;br \/&gt;Nascido em S\u00e3o Paulo (1961), graduou-se arquiteto e urbanista pela Universidade Mackenzie (1985), pela qual tamb\u00e9m obteve o t\u00edtulo de mestre (2000) e concluiu seu doutorado (2014). Iniciou sua trajet\u00f3ria acad\u00eamica na Faculdade de Belas Artes em 1992 e passou a integrar o corpo docente da Universidade Mackenzie em 1999. No \u00e2mbito profissional, exerce a dire\u00e7\u00e3o do escrit\u00f3rio, atuando na concep\u00e7\u00e3o, condu\u00e7\u00e3o e desenvolvimento de projetos nas diversas escalas. Autor de diversos artigos acad\u00eamicos e livros, incluindo o livro \u201cApontamentos De Teoria E Pr\u00e1tica Do Projeto\u201d.&lt;\/p&gt;\"\n                        >\n                            <img loading=\"lazy\" decoding=\"async\" width=\"1024\" height=\"1024\" src=\"https:\/\/bk.arq.br\/wp-content\/uploads\/2026\/01\/MARIO-COLORIDA.jpg\" class=\"attachment-full size-full\" alt=\"\" srcset=\"https:\/\/bk.arq.br\/wp-content\/uploads\/2026\/01\/MARIO-COLORIDA.jpg 1024w, https:\/\/bk.arq.br\/wp-content\/uploads\/2026\/01\/MARIO-COLORIDA-300x300.jpg 300w, https:\/\/bk.arq.br\/wp-content\/uploads\/2026\/01\/MARIO-COLORIDA-150x150.jpg 150w, https:\/\/bk.arq.br\/wp-content\/uploads\/2026\/01\/MARIO-COLORIDA-768x768.jpg 768w, https:\/\/bk.arq.br\/wp-content\/uploads\/2026\/01\/MARIO-COLORIDA-225x225.jpg 225w\" sizes=\"auto, (max-width: 1024px) 100vw, 1024px\" \/>                        <\/div>\n                                            <div\n                            class=\"member\"\n                            data-title=\" ARTUR KATCHBORIAN\"\n                            data-subtitle=\"&lt;p&gt;S\u00f3cio-diretor\u00a0&lt;\/p&gt;&lt;p&gt;Arquiteto e Urbanista&lt;\/p&gt;\"\n                            data-bio=\"&lt;p&gt;Professor do Departamento de Projeto no Centro Universit\u00e1rio Senac (2010).&lt;\/p&gt;&lt;p&gt;&lt;br \/&gt;Nascido em S\u00e3o Paulo (1958), formou-se arquiteto e urbanista pela Universidade Mackenzie (1985) e \u00e9 p\u00f3s-graduado em Doc\u00eancia no Ensino Superior. Desde a funda\u00e7\u00e3o do escrit\u00f3rio \u00e9 o diretor respons\u00e1vel pela coordena\u00e7\u00e3o das atividades de gerenciamento t\u00e9cnico, gest\u00e3o administrativa, al\u00e9m do desenvolvimento e concep\u00e7\u00e3o de projetos. Atuou como docente na p\u00f3s-gradua\u00e7\u00e3o da Universidade Presbiteriana Mackenzie e, desde 2010, leciona na p\u00f3s-gradua\u00e7\u00e3o do SENAC, atuando tamb\u00e9m na gradua\u00e7\u00e3o desde 2013.&lt;\/p&gt;\"\n                        >\n                            <img loading=\"lazy\" decoding=\"async\" width=\"1793\" height=\"1793\" src=\"https:\/\/bk.arq.br\/wp-content\/uploads\/2026\/02\/ARTUR-COLORIDA.jpg\" class=\"attachment-full size-full\" alt=\"\" srcset=\"https:\/\/bk.arq.br\/wp-content\/uploads\/2026\/02\/ARTUR-COLORIDA.jpg 1793w, https:\/\/bk.arq.br\/wp-content\/uploads\/2026\/02\/ARTUR-COLORIDA-300x300.jpg 300w, https:\/\/bk.arq.br\/wp-content\/uploads\/2026\/02\/ARTUR-COLORIDA-1024x1024.jpg 1024w, https:\/\/bk.arq.br\/wp-content\/uploads\/2026\/02\/ARTUR-COLORIDA-150x150.jpg 150w, https:\/\/bk.arq.br\/wp-content\/uploads\/2026\/02\/ARTUR-COLORIDA-768x768.jpg 768w, https:\/\/bk.arq.br\/wp-content\/uploads\/2026\/02\/ARTUR-COLORIDA-1536x1536.jpg 1536w, https:\/\/bk.arq.br\/wp-content\/uploads\/2026\/02\/ARTUR-COLORIDA-12x12.jpg 12w, https:\/\/bk.arq.br\/wp-content\/uploads\/2026\/02\/ARTUR-COLORIDA-225x225.jpg 225w\" sizes=\"auto, (max-width: 1793px) 100vw, 1793px\" \/>                        <\/div>\n                                    <\/div>\n            <\/div>\n\n        <\/div>\n\n    <!-- ===== LINHA 2 \u2013 GRID 3 ===== -->\n    <div class=\"equipe-grid grid-3\">\n\n<div class=\"col-left equipe-info default\">\n\n    <div class=\"info-default\">\n        <h3 class=\"info-title-default\">\n            BK TEAM        <\/h3>\n    <\/div>\n\n    <div class=\"info-hover\">\n        <div class=\"info-top\">\n            <h3 class=\"info-title\"><\/h3>\n            <p class=\"info-subtitle\"><\/p>\n        <\/div>\n        <div class=\"info-bottom info-bio\"><\/div>\n    <\/div>\n\n<\/div>\n\n<div class=\"col-right\">\n    <div class=\"grid\">\n                    <div\n                class=\"member\"\n                data-title=\"ANA CAROLINA MENDES\"\n                data-subtitle=\"&lt;p&gt;Arquiteta Coordenadora Geral&lt;\/p&gt;&lt;p&gt;Professora de Projeto e Desenho Urbano no Centro Universit\u00e1rio Senac (2017).&lt;\/p&gt;\"\n                data-bio=\"&lt;p&gt;Graduada (2007), p\u00f3s-graduada (2011), mestra (2014) e doutoranda (2026) pela Universidade Presbiteriana Mackenzie, foi primeira colocada da turma, recebendo o Pr\u00eamio CREA-SP de Forma\u00e7\u00e3o Profissional, al\u00e9m de ter sua disserta\u00e7\u00e3o de mestrado aprovada com distin\u00e7\u00e3o. Desde 2017 \u00e9 professora no Centro Universit\u00e1rio Senac. Integra o Biselli Katchborian desde 2006, como estagi\u00e1ria, e a partir de 2014 coordenadora. Atualmente al\u00e9m de gerenciar as equipes internas de trabalho, coordena equipes multidisciplinares, conduzindo o desenvolvimento de projetos arquitet\u00f4nicos e urbanos.&lt;\/p&gt;\"\n            >\n                <img loading=\"lazy\" decoding=\"async\" width=\"1605\" height=\"1606\" src=\"https:\/\/bk.arq.br\/wp-content\/uploads\/2026\/02\/NINA.png\" class=\"attachment-full size-full\" alt=\"\" srcset=\"https:\/\/bk.arq.br\/wp-content\/uploads\/2026\/02\/NINA.png 1605w, https:\/\/bk.arq.br\/wp-content\/uploads\/2026\/02\/NINA-300x300.png 300w, https:\/\/bk.arq.br\/wp-content\/uploads\/2026\/02\/NINA-1024x1024.png 1024w, https:\/\/bk.arq.br\/wp-content\/uploads\/2026\/02\/NINA-150x150.png 150w, https:\/\/bk.arq.br\/wp-content\/uploads\/2026\/02\/NINA-768x768.png 768w, https:\/\/bk.arq.br\/wp-content\/uploads\/2026\/02\/NINA-1536x1536.png 1536w, https:\/\/bk.arq.br\/wp-content\/uploads\/2026\/02\/NINA-12x12.png 12w, https:\/\/bk.arq.br\/wp-content\/uploads\/2026\/02\/NINA-225x225.png 225w\" sizes=\"auto, (max-width: 1605px) 100vw, 1605px\" \/>            <\/div>\n                    <div\n                class=\"member\"\n                data-title=\"LUCAS REIS\"\n                data-subtitle=\"&lt;p&gt;Arquiteto Coordenador&lt;\/p&gt;\"\n                data-bio=\"&lt;p&gt;Arquiteto e urbanista formado pela Universidade Presbiteriana Mackenzie (2020). Ingressou na Biselli Katchborian em 2019 como estagi\u00e1rio, passando a arquiteto e, atualmente, exerce o cargo de coordenador de projetos. Atua no desenvolvimento integral do projeto t\u00e9cnico, compatibiliza\u00e7\u00e3o interdisciplinar e coordena\u00e7\u00e3o de equipes, al\u00e9m da atua\u00e7\u00e3o na concep\u00e7\u00e3o do partido arquitet\u00f4nico, modelagem 3D e elabora\u00e7\u00e3o\u00a0de\u00a0imagens.&lt;\/p&gt;\"\n            >\n                <img loading=\"lazy\" decoding=\"async\" width=\"1605\" height=\"1606\" src=\"https:\/\/bk.arq.br\/wp-content\/uploads\/2026\/02\/LUCAS.png\" class=\"attachment-full size-full\" alt=\"\" srcset=\"https:\/\/bk.arq.br\/wp-content\/uploads\/2026\/02\/LUCAS.png 1605w, https:\/\/bk.arq.br\/wp-content\/uploads\/2026\/02\/LUCAS-300x300.png 300w, https:\/\/bk.arq.br\/wp-content\/uploads\/2026\/02\/LUCAS-1024x1024.png 1024w, https:\/\/bk.arq.br\/wp-content\/uploads\/2026\/02\/LUCAS-150x150.png 150w, https:\/\/bk.arq.br\/wp-content\/uploads\/2026\/02\/LUCAS-768x768.png 768w, https:\/\/bk.arq.br\/wp-content\/uploads\/2026\/02\/LUCAS-1536x1536.png 1536w, https:\/\/bk.arq.br\/wp-content\/uploads\/2026\/02\/LUCAS-12x12.png 12w, https:\/\/bk.arq.br\/wp-content\/uploads\/2026\/02\/LUCAS-225x225.png 225w\" sizes=\"auto, (max-width: 1605px) 100vw, 1605px\" \/>            <\/div>\n                    <div\n                class=\"member\"\n                data-title=\"GIULIANO CHIMENT\u00c3O\"\n                data-subtitle=\"&lt;p&gt;Arquiteto Coordenador&lt;\/p&gt;\"\n                data-bio=\"&lt;p&gt;Arquiteto e urbanista formado pela Universidade Presbiteriana Mackenzie (2020).&lt;br \/&gt;Premiado com o 2\u00ba lugar no concurso MODO \u2013 anexo ao Museu Nacional (2019), iniciou sua trajet\u00f3ria no Biselli Katchborian em 2019 como estagi\u00e1rio, passando a arquiteto e posteriormente a coordenador. Atua no desenvolvimento de projetos nas mais variadas etapas, lideran\u00e7a de equipes e elabora\u00e7\u00e3o dos projetos.&lt;\/p&gt;\"\n            >\n                <img loading=\"lazy\" decoding=\"async\" width=\"1605\" height=\"1606\" src=\"https:\/\/bk.arq.br\/wp-content\/uploads\/2026\/02\/GIULIANO.png\" class=\"attachment-full size-full\" alt=\"\" srcset=\"https:\/\/bk.arq.br\/wp-content\/uploads\/2026\/02\/GIULIANO.png 1605w, https:\/\/bk.arq.br\/wp-content\/uploads\/2026\/02\/GIULIANO-300x300.png 300w, https:\/\/bk.arq.br\/wp-content\/uploads\/2026\/02\/GIULIANO-1024x1024.png 1024w, https:\/\/bk.arq.br\/wp-content\/uploads\/2026\/02\/GIULIANO-150x150.png 150w, https:\/\/bk.arq.br\/wp-content\/uploads\/2026\/02\/GIULIANO-768x768.png 768w, https:\/\/bk.arq.br\/wp-content\/uploads\/2026\/02\/GIULIANO-1536x1536.png 1536w, https:\/\/bk.arq.br\/wp-content\/uploads\/2026\/02\/GIULIANO-12x12.png 12w, https:\/\/bk.arq.br\/wp-content\/uploads\/2026\/02\/GIULIANO-225x225.png 225w\" sizes=\"auto, (max-width: 1605px) 100vw, 1605px\" \/>            <\/div>\n                    <div\n                class=\"member\"\n                data-title=\"VINICIUS FARIA\"\n                data-subtitle=\"&lt;p&gt;Arquiteto&lt;\/p&gt;\"\n                data-bio=\"&lt;p&gt;Arquiteto e urbanista formado pela Universidade Presbiteriana Mackenzie (2022).&lt;br \/&gt;Desenvolveu pesquisa cient\u00edfica voltada \u00e0 micro drenagem urbana, mobilidade ativa e qualifica\u00e7\u00e3o do espa\u00e7o p\u00fablico, obtendo destaque pela qualidade t\u00e9cnica do estudo. Seu TFG, focado em quest\u00f5es de infraestrutura verde e arquitetura sustent\u00e1vel, foi reconhecido pela institui\u00e7\u00e3o entre os melhores trabalhos do ano. \u00c9 vencedor do pr\u00eamio Projetando o Futuro do CAU-SP (2023), na categoria Planejamento Urbano e Regional. Com passagem por escrit\u00f3rios de renome, integra, como arquiteto, a Biselli Katchborian desde 2023, atuando no desenvolvimento e detalhamento de projetos arquitet\u00f4nicos em diversas fases e escalas.&lt;\/p&gt;\"\n            >\n                <img loading=\"lazy\" decoding=\"async\" width=\"1605\" height=\"1606\" src=\"https:\/\/bk.arq.br\/wp-content\/uploads\/2026\/03\/VINI-FARIA.png\" class=\"attachment-full size-full\" alt=\"\" srcset=\"https:\/\/bk.arq.br\/wp-content\/uploads\/2026\/03\/VINI-FARIA.png 1605w, https:\/\/bk.arq.br\/wp-content\/uploads\/2026\/03\/VINI-FARIA-300x300.png 300w, https:\/\/bk.arq.br\/wp-content\/uploads\/2026\/03\/VINI-FARIA-1024x1024.png 1024w, https:\/\/bk.arq.br\/wp-content\/uploads\/2026\/03\/VINI-FARIA-150x150.png 150w, https:\/\/bk.arq.br\/wp-content\/uploads\/2026\/03\/VINI-FARIA-768x768.png 768w, https:\/\/bk.arq.br\/wp-content\/uploads\/2026\/03\/VINI-FARIA-1536x1536.png 1536w, https:\/\/bk.arq.br\/wp-content\/uploads\/2026\/03\/VINI-FARIA-12x12.png 12w, https:\/\/bk.arq.br\/wp-content\/uploads\/2026\/03\/VINI-FARIA-225x225.png 225w\" sizes=\"auto, (max-width: 1605px) 100vw, 1605px\" \/>            <\/div>\n                    <div\n                class=\"member\"\n                data-title=\"LUIZA GASPAR\"\n                data-subtitle=\"&lt;p&gt;Arquiteta&lt;\/p&gt;\"\n                data-bio=\"&lt;p&gt;Arquiteta e urbanista formada pela Faculdade de Arquitetura e Urbanismo da Universidade de S\u00e3o Paulo \u2014 FAUUSP (2023), com interc\u00e2mbio no Politecnico di Milano, na It\u00e1lia (2022). Participou de forma\u00e7\u00f5es complementares, incluindo o curso Buildings as Sustainable Energy Systems (TU Delft, 2020), e foi finalista do 6\u00ba Pr\u00eamio CURA (2021). Desenvolveu pesquisa cient\u00edfica em Hist\u00f3ria da Arquitetura e Est\u00e9tica do Projeto (2020), durante sua gradua\u00e7\u00e3o. Iniciou sua trajet\u00f3ria em um escrit\u00f3rio de renome e, desde 2023, atua na Biselli Katchborian, onde come\u00e7ou como estagi\u00e1ria e hoje trabalha como arquiteta, desenvolvendo projetos em diferentes fases e tipologias.&lt;\/p&gt;\"\n            >\n                <img loading=\"lazy\" decoding=\"async\" width=\"1605\" height=\"1606\" src=\"https:\/\/bk.arq.br\/wp-content\/uploads\/2026\/02\/LUIZA.png\" class=\"attachment-full size-full\" alt=\"\" srcset=\"https:\/\/bk.arq.br\/wp-content\/uploads\/2026\/02\/LUIZA.png 1605w, https:\/\/bk.arq.br\/wp-content\/uploads\/2026\/02\/LUIZA-300x300.png 300w, https:\/\/bk.arq.br\/wp-content\/uploads\/2026\/02\/LUIZA-1024x1024.png 1024w, https:\/\/bk.arq.br\/wp-content\/uploads\/2026\/02\/LUIZA-150x150.png 150w, https:\/\/bk.arq.br\/wp-content\/uploads\/2026\/02\/LUIZA-768x768.png 768w, https:\/\/bk.arq.br\/wp-content\/uploads\/2026\/02\/LUIZA-1536x1536.png 1536w, https:\/\/bk.arq.br\/wp-content\/uploads\/2026\/02\/LUIZA-12x12.png 12w, https:\/\/bk.arq.br\/wp-content\/uploads\/2026\/02\/LUIZA-225x225.png 225w\" sizes=\"auto, (max-width: 1605px) 100vw, 1605px\" \/>            <\/div>\n                    <div\n                class=\"member\"\n                data-title=\"HELO\u00cdSA FOS\"\n                data-subtitle=\"&lt;p&gt;Arquiteta&lt;\/p&gt;\"\n                data-bio=\"&lt;p&gt;Arquiteta e urbanista formada pelo Centro Universit\u00e1rio Senac Santo Amaro (2025).&lt;br \/&gt;Desenvolveu inicia\u00e7\u00e3o cient\u00edfica (2022) com foco no emprego de madeira engenheirada e reaproveitada em habita\u00e7\u00e3o de interesse social e participou do Concurso Lab Ideias (2022), com o projeto do Centro de Reabilita\u00e7\u00e3o da Av. Rio Branco. Foi estagi\u00e1ria na Biselli Katchborian de 2023-25 e hoje, atua como arquiteta no apoio \u00e0s diversas etapas de projeto.&lt;\/p&gt;\"\n            >\n                <img loading=\"lazy\" decoding=\"async\" width=\"1605\" height=\"1606\" src=\"https:\/\/bk.arq.br\/wp-content\/uploads\/2026\/02\/HELO.png\" class=\"attachment-full size-full\" alt=\"\" srcset=\"https:\/\/bk.arq.br\/wp-content\/uploads\/2026\/02\/HELO.png 1605w, https:\/\/bk.arq.br\/wp-content\/uploads\/2026\/02\/HELO-300x300.png 300w, https:\/\/bk.arq.br\/wp-content\/uploads\/2026\/02\/HELO-1024x1024.png 1024w, https:\/\/bk.arq.br\/wp-content\/uploads\/2026\/02\/HELO-150x150.png 150w, https:\/\/bk.arq.br\/wp-content\/uploads\/2026\/02\/HELO-768x768.png 768w, https:\/\/bk.arq.br\/wp-content\/uploads\/2026\/02\/HELO-1536x1536.png 1536w, https:\/\/bk.arq.br\/wp-content\/uploads\/2026\/02\/HELO-12x12.png 12w, https:\/\/bk.arq.br\/wp-content\/uploads\/2026\/02\/HELO-225x225.png 225w\" sizes=\"auto, (max-width: 1605px) 100vw, 1605px\" \/>            <\/div>\n                    <div\n                class=\"member\"\n                data-title=\"GUILHERME PALLADINI\"\n                data-subtitle=\"&lt;p&gt;Arquiteto&lt;\/p&gt;\"\n                data-bio=\"&lt;p&gt;Arquiteto e urbanista formado pelo Centro Universit\u00e1rio SENAC Santo Amaro (2025).&lt;br \/&gt;Participou do Concurso Lab Ideias (2022), desenvolvendo o projeto do Centro de Reabilita\u00e7\u00e3o da Av. Rio Branco. Como estagi\u00e1rio, integrou o escrit\u00f3rio Biselli Katchborian de 2023-25, e hoje colabora no desenvolvimento de estudos, desenhos e processos t\u00e9cnicos de projeto, como arquiteto.\u00a0&lt;\/p&gt;\"\n            >\n                <img loading=\"lazy\" decoding=\"async\" width=\"1605\" height=\"1606\" src=\"https:\/\/bk.arq.br\/wp-content\/uploads\/2026\/02\/GUILHERME.png\" class=\"attachment-full size-full\" alt=\"\" srcset=\"https:\/\/bk.arq.br\/wp-content\/uploads\/2026\/02\/GUILHERME.png 1605w, https:\/\/bk.arq.br\/wp-content\/uploads\/2026\/02\/GUILHERME-300x300.png 300w, https:\/\/bk.arq.br\/wp-content\/uploads\/2026\/02\/GUILHERME-1024x1024.png 1024w, https:\/\/bk.arq.br\/wp-content\/uploads\/2026\/02\/GUILHERME-150x150.png 150w, https:\/\/bk.arq.br\/wp-content\/uploads\/2026\/02\/GUILHERME-768x768.png 768w, https:\/\/bk.arq.br\/wp-content\/uploads\/2026\/02\/GUILHERME-1536x1536.png 1536w, https:\/\/bk.arq.br\/wp-content\/uploads\/2026\/02\/GUILHERME-12x12.png 12w, https:\/\/bk.arq.br\/wp-content\/uploads\/2026\/02\/GUILHERME-225x225.png 225w\" sizes=\"auto, (max-width: 1605px) 100vw, 1605px\" \/>            <\/div>\n                    <div\n                class=\"member\"\n                data-title=\"BEATRIZ FREITAS\"\n                data-subtitle=\"&lt;p&gt;Arquiteta&lt;\/p&gt;\"\n                data-bio=\"&lt;p&gt;Arquiteta e urbanista formada pela Escola da Cidade (2024). \u00c9 p\u00f3s-graduanda em Museus, Cultura e Educa\u00e7\u00e3o pela PUC-SP, \u00e1rea que atravessa seu interesse por arquitetura como campo cultural e educativo. Durante a gradua\u00e7\u00e3o, desenvolveu pesquisa cient\u00edfica em Hist\u00f3ria e Teoria da Arquitetura (2022) e realizou interc\u00e2mbio acad\u00eamico na Universidade Polit\u00e9cnica da Catalunha (UPC), em Barcelona (2023). Com experi\u00eancia em escrit\u00f3rios no Brasil e na Espanha, integra desde 2025 o escrit\u00f3rio Biselli Katchborian, atuando no desenvolvimento e detalhamento de projetos arquitet\u00f4nicos.&lt;\/p&gt;\"\n            >\n                <img loading=\"lazy\" decoding=\"async\" width=\"1605\" height=\"1606\" src=\"https:\/\/bk.arq.br\/wp-content\/uploads\/2026\/02\/BIA.png\" class=\"attachment-full size-full\" alt=\"\" srcset=\"https:\/\/bk.arq.br\/wp-content\/uploads\/2026\/02\/BIA.png 1605w, https:\/\/bk.arq.br\/wp-content\/uploads\/2026\/02\/BIA-300x300.png 300w, https:\/\/bk.arq.br\/wp-content\/uploads\/2026\/02\/BIA-1024x1024.png 1024w, https:\/\/bk.arq.br\/wp-content\/uploads\/2026\/02\/BIA-150x150.png 150w, https:\/\/bk.arq.br\/wp-content\/uploads\/2026\/02\/BIA-768x768.png 768w, https:\/\/bk.arq.br\/wp-content\/uploads\/2026\/02\/BIA-1536x1536.png 1536w, https:\/\/bk.arq.br\/wp-content\/uploads\/2026\/02\/BIA-12x12.png 12w, https:\/\/bk.arq.br\/wp-content\/uploads\/2026\/02\/BIA-225x225.png 225w\" sizes=\"auto, (max-width: 1605px) 100vw, 1605px\" \/>            <\/div>\n                    <div\n                class=\"member\"\n                data-title=\"VITOR MOREIRA\"\n                data-subtitle=\"&lt;p&gt;Arquiteto&lt;\/p&gt;\"\n                data-bio=\"&lt;p&gt;Arquiteto e urbanista formado pela Universidade Presbiteriana Mackenzie (2022).\u00a0 Atuou ao longo de sua forma\u00e7\u00e3o acad\u00eamica em escrit\u00f3rios relevantes no cen\u00e1rio nacional. Integra a equipe da Biselli Katchborian desde 2025, participando do desenvolvimento\u00a0de\u00a0projetos em suas diversas etapas.\u00a0&lt;\/p&gt;\"\n            >\n                <img loading=\"lazy\" decoding=\"async\" width=\"1605\" height=\"1606\" src=\"https:\/\/bk.arq.br\/wp-content\/uploads\/2026\/02\/VITOR.png\" class=\"attachment-full size-full\" alt=\"\" srcset=\"https:\/\/bk.arq.br\/wp-content\/uploads\/2026\/02\/VITOR.png 1605w, https:\/\/bk.arq.br\/wp-content\/uploads\/2026\/02\/VITOR-300x300.png 300w, https:\/\/bk.arq.br\/wp-content\/uploads\/2026\/02\/VITOR-1024x1024.png 1024w, https:\/\/bk.arq.br\/wp-content\/uploads\/2026\/02\/VITOR-150x150.png 150w, https:\/\/bk.arq.br\/wp-content\/uploads\/2026\/02\/VITOR-768x768.png 768w, https:\/\/bk.arq.br\/wp-content\/uploads\/2026\/02\/VITOR-1536x1536.png 1536w, https:\/\/bk.arq.br\/wp-content\/uploads\/2026\/02\/VITOR-12x12.png 12w, https:\/\/bk.arq.br\/wp-content\/uploads\/2026\/02\/VITOR-225x225.png 225w\" sizes=\"auto, (max-width: 1605px) 100vw, 1605px\" \/>            <\/div>\n                    <div\n                class=\"member\"\n                data-title=\"LEONARDO WANG\"\n                data-subtitle=\"&lt;p&gt;Arquiteto&lt;\/p&gt;\"\n                data-bio=\"&lt;p&gt;Arquiteto e Urbanista, formado pela Universidade Presbiteriana Mackenzie (2024), com interc\u00e2mbio na Universiteit Hasselt (2022), na B\u00e9lgica. Possui forma\u00e7\u00f5es complementares, incluindo o curso Dise\u00f1o Biof\u00edlico y Arquitectura del Pasaje (Mackenzie, 2021) e Understanding the Role of Micro-Mobility Services in Urban Sustainability in Disadvantaged Neighborhoods (TU Delft, 2024). Desenvolveu pesquisa cient\u00edfica voltada ao estudo de tecnologias construtivas sustent\u00e1veis. Desde 2025, atua na Biselli Katchborian como arquiteto, participando do desenvolvimento, detalhamento e compatibiliza\u00e7\u00e3o\u00a0de\u00a0projetos.&lt;\/p&gt;\"\n            >\n                <img loading=\"lazy\" decoding=\"async\" width=\"1605\" height=\"1606\" src=\"https:\/\/bk.arq.br\/wp-content\/uploads\/2026\/02\/LEONARDO.png\" class=\"attachment-full size-full\" alt=\"\" srcset=\"https:\/\/bk.arq.br\/wp-content\/uploads\/2026\/02\/LEONARDO.png 1605w, https:\/\/bk.arq.br\/wp-content\/uploads\/2026\/02\/LEONARDO-300x300.png 300w, https:\/\/bk.arq.br\/wp-content\/uploads\/2026\/02\/LEONARDO-1024x1024.png 1024w, https:\/\/bk.arq.br\/wp-content\/uploads\/2026\/02\/LEONARDO-150x150.png 150w, https:\/\/bk.arq.br\/wp-content\/uploads\/2026\/02\/LEONARDO-768x768.png 768w, https:\/\/bk.arq.br\/wp-content\/uploads\/2026\/02\/LEONARDO-1536x1536.png 1536w, https:\/\/bk.arq.br\/wp-content\/uploads\/2026\/02\/LEONARDO-12x12.png 12w, https:\/\/bk.arq.br\/wp-content\/uploads\/2026\/02\/LEONARDO-225x225.png 225w\" sizes=\"auto, (max-width: 1605px) 100vw, 1605px\" \/>            <\/div>\n                    <div\n                class=\"member\"\n                data-title=\"RAFAEL PARENTE\"\n                data-subtitle=\"&lt;p&gt;Arquiteto&lt;\/p&gt;\"\n                data-bio=\"&lt;p&gt;Arquiteto e urbanista, formado pela Universidade Presbiteriana Mackenzie (2022), atua nas etapas de desenvolvimento, detalhamento e compatibiliza\u00e7\u00e3o de projetos e, desde 2025, integra a equipe da Biselli Katchborian. Possui experi\u00eancia relevante em concursos nacionais e internacionais e destaque acad\u00eamico com TFG publicado no livro FAU+D Mackenzie: Arquitetura e Urbanismo &amp; Design - Trabalhos de Conclus\u00e3o 2022.&lt;\/p&gt;\"\n            >\n                <img loading=\"lazy\" decoding=\"async\" width=\"1605\" height=\"1606\" src=\"https:\/\/bk.arq.br\/wp-content\/uploads\/2026\/02\/RAFAEL.png\" class=\"attachment-full size-full\" alt=\"\" srcset=\"https:\/\/bk.arq.br\/wp-content\/uploads\/2026\/02\/RAFAEL.png 1605w, https:\/\/bk.arq.br\/wp-content\/uploads\/2026\/02\/RAFAEL-300x300.png 300w, https:\/\/bk.arq.br\/wp-content\/uploads\/2026\/02\/RAFAEL-1024x1024.png 1024w, https:\/\/bk.arq.br\/wp-content\/uploads\/2026\/02\/RAFAEL-150x150.png 150w, https:\/\/bk.arq.br\/wp-content\/uploads\/2026\/02\/RAFAEL-768x768.png 768w, https:\/\/bk.arq.br\/wp-content\/uploads\/2026\/02\/RAFAEL-1536x1536.png 1536w, https:\/\/bk.arq.br\/wp-content\/uploads\/2026\/02\/RAFAEL-12x12.png 12w, https:\/\/bk.arq.br\/wp-content\/uploads\/2026\/02\/RAFAEL-225x225.png 225w\" sizes=\"auto, (max-width: 1605px) 100vw, 1605px\" \/>            <\/div>\n                    <div\n                class=\"member\"\n                data-title=\"SARAH RODRIGUES\"\n                data-subtitle=\"&lt;p&gt;Estagi\u00e1ria&lt;\/p&gt;\"\n                data-bio=\"&lt;p&gt;Estudante de Arquitetura e Urbanismo no Centro Universit\u00e1rio Senac Santo Amaro. Desenvolveu inicia\u00e7\u00e3o cient\u00edfica, dentre outras atividades acad\u00eamicas. Tendo atuado por um per\u00edodo como estagi\u00e1ria em escrit\u00f3rio com foco em mobili\u00e1rio de marcenaria, passou a integrar a equipe Biselli Katchborian em 2025, ampliando sua atua\u00e7\u00e3o no campo do projeto\u00a0arquitet\u00f4nico.&lt;\/p&gt;\"\n            >\n                <img loading=\"lazy\" decoding=\"async\" width=\"1605\" height=\"1606\" src=\"https:\/\/bk.arq.br\/wp-content\/uploads\/2026\/02\/SARAH.png\" class=\"attachment-full size-full\" alt=\"\" srcset=\"https:\/\/bk.arq.br\/wp-content\/uploads\/2026\/02\/SARAH.png 1605w, https:\/\/bk.arq.br\/wp-content\/uploads\/2026\/02\/SARAH-300x300.png 300w, https:\/\/bk.arq.br\/wp-content\/uploads\/2026\/02\/SARAH-1024x1024.png 1024w, https:\/\/bk.arq.br\/wp-content\/uploads\/2026\/02\/SARAH-150x150.png 150w, https:\/\/bk.arq.br\/wp-content\/uploads\/2026\/02\/SARAH-768x768.png 768w, https:\/\/bk.arq.br\/wp-content\/uploads\/2026\/02\/SARAH-1536x1536.png 1536w, https:\/\/bk.arq.br\/wp-content\/uploads\/2026\/02\/SARAH-12x12.png 12w, https:\/\/bk.arq.br\/wp-content\/uploads\/2026\/02\/SARAH-225x225.png 225w\" sizes=\"auto, (max-width: 1605px) 100vw, 1605px\" \/>            <\/div>\n                    <div\n                class=\"member\"\n                data-title=\"VITOR OSSAMU\"\n                data-subtitle=\"&lt;p&gt;Estagi\u00e1rio&lt;\/p&gt;\"\n                data-bio=\"&lt;p&gt;Estudante de Arquitetura e Urbanismo pela Faculdade de Belas Artes de S\u00e3o Paulo, com pr\u00e1ticas voltadas ao desenvolvimento arquitet\u00f4nico. Atuou como estagi\u00e1rio de obra, com experi\u00eancia em acompanhamento de servi\u00e7os, apoio \u00e0 gest\u00e3o do canteiro e leitura de projetos. Desde 2026 integra a equipe do escrit\u00f3rio Biselli Katchborian, ampliando sua atua\u00e7\u00e3o no campo do desenvolvimento de projetos arquitet\u00f4nicos.&lt;\/p&gt;\"\n            >\n                <img loading=\"lazy\" decoding=\"async\" width=\"1605\" height=\"1606\" src=\"https:\/\/bk.arq.br\/wp-content\/uploads\/2026\/02\/VITOR-OSSAMU.png\" class=\"attachment-full size-full\" alt=\"\" srcset=\"https:\/\/bk.arq.br\/wp-content\/uploads\/2026\/02\/VITOR-OSSAMU.png 1605w, https:\/\/bk.arq.br\/wp-content\/uploads\/2026\/02\/VITOR-OSSAMU-300x300.png 300w, https:\/\/bk.arq.br\/wp-content\/uploads\/2026\/02\/VITOR-OSSAMU-1024x1024.png 1024w, https:\/\/bk.arq.br\/wp-content\/uploads\/2026\/02\/VITOR-OSSAMU-150x150.png 150w, https:\/\/bk.arq.br\/wp-content\/uploads\/2026\/02\/VITOR-OSSAMU-768x768.png 768w, https:\/\/bk.arq.br\/wp-content\/uploads\/2026\/02\/VITOR-OSSAMU-1536x1536.png 1536w, https:\/\/bk.arq.br\/wp-content\/uploads\/2026\/02\/VITOR-OSSAMU-12x12.png 12w, https:\/\/bk.arq.br\/wp-content\/uploads\/2026\/02\/VITOR-OSSAMU-225x225.png 225w\" sizes=\"auto, (max-width: 1605px) 100vw, 1605px\" \/>            <\/div>\n                    <div\n                class=\"member\"\n                data-title=\"FABIANA CARBONE\"\n                data-subtitle=\"&lt;p&gt;Administrativo&lt;\/p&gt;\"\n                data-bio=\"&lt;p&gt;Graduada em Administra\u00e7\u00e3o de Empresas, contribui na gest\u00e3o administrativa e financeira do escrit\u00f3rio, trazendo uma vis\u00e3o estrat\u00e9gica para a organiza\u00e7\u00e3o dos processos internos da Biselli Katchborian, al\u00e9m do controle or\u00e7ament\u00e1rio e suporte \u00e0 tomada de decis\u00f5es. Atua no escrit\u00f3rio desde o in\u00edcio de 2025.\u00a0&lt;\/p&gt;\"\n            >\n                <img loading=\"lazy\" decoding=\"async\" width=\"1605\" height=\"1606\" src=\"https:\/\/bk.arq.br\/wp-content\/uploads\/2026\/02\/FABI.png\" class=\"attachment-full size-full\" alt=\"\" srcset=\"https:\/\/bk.arq.br\/wp-content\/uploads\/2026\/02\/FABI.png 1605w, https:\/\/bk.arq.br\/wp-content\/uploads\/2026\/02\/FABI-300x300.png 300w, https:\/\/bk.arq.br\/wp-content\/uploads\/2026\/02\/FABI-1024x1024.png 1024w, https:\/\/bk.arq.br\/wp-content\/uploads\/2026\/02\/FABI-150x150.png 150w, https:\/\/bk.arq.br\/wp-content\/uploads\/2026\/02\/FABI-768x768.png 768w, https:\/\/bk.arq.br\/wp-content\/uploads\/2026\/02\/FABI-1536x1536.png 1536w, https:\/\/bk.arq.br\/wp-content\/uploads\/2026\/02\/FABI-12x12.png 12w, https:\/\/bk.arq.br\/wp-content\/uploads\/2026\/02\/FABI-225x225.png 225w\" sizes=\"auto, (max-width: 1605px) 100vw, 1605px\" \/>            <\/div>\n            <\/div>\n<\/div>\n\n<\/div>\n\n<\/section>\n<!-- ================= MOBILE ================= -->\n<section class=\"equipe-mobile\">\n\n    <!-- ===== LINHA 1 \u2013 HERO (S\u00d3 IMAGEM) ===== -->\n    <div class=\"equipe-mobile-hero\">\n        <img loading=\"lazy\" decoding=\"async\" width=\"2560\" height=\"1399\" src=\"https:\/\/bk.arq.br\/wp-content\/uploads\/2026\/02\/EQUIPE-scaled.jpg\" class=\"attachment-full size-full\" alt=\"\" srcset=\"https:\/\/bk.arq.br\/wp-content\/uploads\/2026\/02\/EQUIPE-scaled.jpg 2560w, https:\/\/bk.arq.br\/wp-content\/uploads\/2026\/02\/EQUIPE-300x164.jpg 300w, https:\/\/bk.arq.br\/wp-content\/uploads\/2026\/02\/EQUIPE-1024x559.jpg 1024w, https:\/\/bk.arq.br\/wp-content\/uploads\/2026\/02\/EQUIPE-768x420.jpg 768w, https:\/\/bk.arq.br\/wp-content\/uploads\/2026\/02\/EQUIPE-1536x839.jpg 1536w, https:\/\/bk.arq.br\/wp-content\/uploads\/2026\/02\/EQUIPE-2048x1119.jpg 2048w, https:\/\/bk.arq.br\/wp-content\/uploads\/2026\/02\/EQUIPE-18x10.jpg 18w\" sizes=\"auto, (max-width: 2560px) 100vw, 2560px\" \/>    <\/div>\n\n        <!-- ===== LINHA 3 \u2013 GRID 2 ===== -->\n        <div class=\"equipe-mobile-grid-2\">\n\n        \n            <div class=\"mobile-highlight\">\n\n                <img loading=\"lazy\" decoding=\"async\" width=\"1024\" height=\"1024\" src=\"https:\/\/bk.arq.br\/wp-content\/uploads\/2026\/01\/MARIO-COLORIDA.jpg\" class=\"attachment-full size-full\" alt=\"\" srcset=\"https:\/\/bk.arq.br\/wp-content\/uploads\/2026\/01\/MARIO-COLORIDA.jpg 1024w, https:\/\/bk.arq.br\/wp-content\/uploads\/2026\/01\/MARIO-COLORIDA-300x300.jpg 300w, https:\/\/bk.arq.br\/wp-content\/uploads\/2026\/01\/MARIO-COLORIDA-150x150.jpg 150w, https:\/\/bk.arq.br\/wp-content\/uploads\/2026\/01\/MARIO-COLORIDA-768x768.jpg 768w, https:\/\/bk.arq.br\/wp-content\/uploads\/2026\/01\/MARIO-COLORIDA-225x225.jpg 225w\" sizes=\"auto, (max-width: 1024px) 100vw, 1024px\" \/>\n                <div class=\"highlight-text\">\n                    <h3>MARIO BISELLI<\/h3>\n                    <p class=\"cargo\"><p>Managing Partner\u00a0<\/p>\n<p>Architect &amp; Urban Planner | PhD<\/p>\n<\/p>\n\n                    <div class=\"bio\">\n                        <p>Professor at the Department of Design at Mackenzie Presbyterian University (1999) and at Unicentro Belas Artes de S\u00e3o Paulo (1992).<\/p>\n<p>Born in S\u00e3o Paulo (1961), he graduated as an architect and urban planner from Mackenzie University (1985), from which he also obtained a master's degree (2000) and completed his doctorate (2014). He began his academic career at the College of Fine Arts in 1992 and joined the faculty of Mackenzie University in 1999. In the professional sphere, he is the director of the office, acting in the design, conduction and development of projects at various scales. Author of several academic articles and books, including the book \"Notes on Theory and Practice of the Project\".<\/p>\n                    <\/div>\n                <\/div>\n\n            <\/div>\n\n        \n            <div class=\"mobile-highlight\">\n\n                <img loading=\"lazy\" decoding=\"async\" width=\"1793\" height=\"1793\" src=\"https:\/\/bk.arq.br\/wp-content\/uploads\/2026\/02\/ARTUR-COLORIDA.jpg\" class=\"attachment-full size-full\" alt=\"\" srcset=\"https:\/\/bk.arq.br\/wp-content\/uploads\/2026\/02\/ARTUR-COLORIDA.jpg 1793w, https:\/\/bk.arq.br\/wp-content\/uploads\/2026\/02\/ARTUR-COLORIDA-300x300.jpg 300w, https:\/\/bk.arq.br\/wp-content\/uploads\/2026\/02\/ARTUR-COLORIDA-1024x1024.jpg 1024w, https:\/\/bk.arq.br\/wp-content\/uploads\/2026\/02\/ARTUR-COLORIDA-150x150.jpg 150w, https:\/\/bk.arq.br\/wp-content\/uploads\/2026\/02\/ARTUR-COLORIDA-768x768.jpg 768w, https:\/\/bk.arq.br\/wp-content\/uploads\/2026\/02\/ARTUR-COLORIDA-1536x1536.jpg 1536w, https:\/\/bk.arq.br\/wp-content\/uploads\/2026\/02\/ARTUR-COLORIDA-12x12.jpg 12w, https:\/\/bk.arq.br\/wp-content\/uploads\/2026\/02\/ARTUR-COLORIDA-225x225.jpg 225w\" sizes=\"auto, (max-width: 1793px) 100vw, 1793px\" \/>\n                <div class=\"highlight-text\">\n                    <h3> ARTUR KATCHBORIAN TESTE<\/h3>\n                    <p class=\"cargo\"><p>Managing Partner\u00a0<\/p>\n<p>Architect &amp; Urban Planner<\/p>\n<\/p>\n\n                    <div class=\"bio\">\n                        <p>Professor of the Department of Design at Senac University Center (2010).<\/p>\n<p>Born in S\u00e3o Paulo (1958), he graduated as an architect and urban planner from Mackenzie University (1985) and has a postgraduate degree in Teaching in Higher Education. Since the foundation of the office, he has been the director responsible for coordinating the activities of technical management, administrative management, as well as the development and design of projects. He has worked as a professor at the Mackenzie Presbyterian University and, since 2010, he has been teaching at the SENAC graduate level, also working at the undergraduate level since 2013.<\/p>\n                    <\/div>\n                <\/div>\n\n            <\/div>\n\n        \n<\/div>\n\n    <!-- ===== LINHA 2 \u2013 GRID 3 \u2192 LISTA ===== -->\n    <div class=\"equipe-mobile-list\">\n\n        \n            \n            <div class=\"mobile-member\">\n\n                <div class=\"mobile-member-image\">\n                    <img loading=\"lazy\" decoding=\"async\" width=\"1605\" height=\"1606\" src=\"https:\/\/bk.arq.br\/wp-content\/uploads\/2026\/02\/NINA.png\" class=\"attachment-full size-full\" alt=\"\" srcset=\"https:\/\/bk.arq.br\/wp-content\/uploads\/2026\/02\/NINA.png 1605w, https:\/\/bk.arq.br\/wp-content\/uploads\/2026\/02\/NINA-300x300.png 300w, https:\/\/bk.arq.br\/wp-content\/uploads\/2026\/02\/NINA-1024x1024.png 1024w, https:\/\/bk.arq.br\/wp-content\/uploads\/2026\/02\/NINA-150x150.png 150w, https:\/\/bk.arq.br\/wp-content\/uploads\/2026\/02\/NINA-768x768.png 768w, https:\/\/bk.arq.br\/wp-content\/uploads\/2026\/02\/NINA-1536x1536.png 1536w, https:\/\/bk.arq.br\/wp-content\/uploads\/2026\/02\/NINA-12x12.png 12w, https:\/\/bk.arq.br\/wp-content\/uploads\/2026\/02\/NINA-225x225.png 225w\" sizes=\"auto, (max-width: 1605px) 100vw, 1605px\" \/>                <\/div>\n\n                <div class=\"mobile-member-text\">\n                    <div>\n                        <h3>ANA CAROLINA MENDES<\/h3>\n                        <p class=\"cargo\"><p>General Coordinating Architect<\/p>\n<p>Professor of Urban Design and Design at the Senac University Center (2017).<\/p>\n<\/p>\n                    <\/div>\n                    <div>\n\n                                            <div class=\"bio-short\">\n                            <p>Graduated (2007), postgraduate (2011), master (2014) and doctoral student (2026) at Mackenzie Presbyterian University, she was first in her class, receiving the CREA-SP Professional Training Award, in addition to having her master's dissertation approved with distinction.<\/p>\n                        <\/div>\n                    \n                                            <div class=\"bio-full\">\n                            <p> Since 2017 she has been a professor at the Senac University Center. She has been a member of Biselli Katchborian since 2006, as an intern, and since 2014 as coordinator. Currently, in addition to managing internal work teams, she coordinates multidisciplinary teams, conducting the development of architectural and urban projects.<\/p>\n                        <\/div>\n\n                        <button class=\"read-more\" type=\"button\">\n                        Read more                        <\/button>\n                                        <\/div>\n                    <\/div>\n\n\n            <\/div>\n\n        \n            \n            <div class=\"mobile-member\">\n\n                <div class=\"mobile-member-image\">\n                    <img loading=\"lazy\" decoding=\"async\" width=\"1605\" height=\"1606\" src=\"https:\/\/bk.arq.br\/wp-content\/uploads\/2026\/02\/LUCAS.png\" class=\"attachment-full size-full\" alt=\"\" srcset=\"https:\/\/bk.arq.br\/wp-content\/uploads\/2026\/02\/LUCAS.png 1605w, https:\/\/bk.arq.br\/wp-content\/uploads\/2026\/02\/LUCAS-300x300.png 300w, https:\/\/bk.arq.br\/wp-content\/uploads\/2026\/02\/LUCAS-1024x1024.png 1024w, https:\/\/bk.arq.br\/wp-content\/uploads\/2026\/02\/LUCAS-150x150.png 150w, https:\/\/bk.arq.br\/wp-content\/uploads\/2026\/02\/LUCAS-768x768.png 768w, https:\/\/bk.arq.br\/wp-content\/uploads\/2026\/02\/LUCAS-1536x1536.png 1536w, https:\/\/bk.arq.br\/wp-content\/uploads\/2026\/02\/LUCAS-12x12.png 12w, https:\/\/bk.arq.br\/wp-content\/uploads\/2026\/02\/LUCAS-225x225.png 225w\" sizes=\"auto, (max-width: 1605px) 100vw, 1605px\" \/>                <\/div>\n\n                <div class=\"mobile-member-text\">\n                    <div>\n                        <h3>LUCAS REIS<\/h3>\n                        <p class=\"cargo\"><p>Coordinating Architect<\/p>\n<\/p>\n                    <\/div>\n                    <div>\n\n                                            <div class=\"bio-short\">\n                            <p>Architect and urban planner graduated from Mackenzie Presbyterian University (2020).<\/p>\n                        <\/div>\n                    \n                                            <div class=\"bio-full\">\n                            <p> Ingressou na Biselli Katchborian em 2019 como estagi\u00e1rio, passando a arquiteto e, atualmente, exerce o cargo de coordenador de projetos. Atua no desenvolvimento integral do projeto t\u00e9cnico, compatibiliza\u00e7\u00e3o interdisciplinar e coordena\u00e7\u00e3o de equipes, al\u00e9m da atua\u00e7\u00e3o na concep\u00e7\u00e3o do partido arquitet\u00f4nico, modelagem 3D e elabora\u00e7\u00e3o\u00a0de\u00a0imagens.<\/p>\n                        <\/div>\n\n                        <button class=\"read-more\" type=\"button\">\n                        Read more                        <\/button>\n                                        <\/div>\n                    <\/div>\n\n\n            <\/div>\n\n        \n            \n            <div class=\"mobile-member\">\n\n                <div class=\"mobile-member-image\">\n                    <img loading=\"lazy\" decoding=\"async\" width=\"1605\" height=\"1606\" src=\"https:\/\/bk.arq.br\/wp-content\/uploads\/2026\/02\/GIULIANO.png\" class=\"attachment-full size-full\" alt=\"\" srcset=\"https:\/\/bk.arq.br\/wp-content\/uploads\/2026\/02\/GIULIANO.png 1605w, https:\/\/bk.arq.br\/wp-content\/uploads\/2026\/02\/GIULIANO-300x300.png 300w, https:\/\/bk.arq.br\/wp-content\/uploads\/2026\/02\/GIULIANO-1024x1024.png 1024w, https:\/\/bk.arq.br\/wp-content\/uploads\/2026\/02\/GIULIANO-150x150.png 150w, https:\/\/bk.arq.br\/wp-content\/uploads\/2026\/02\/GIULIANO-768x768.png 768w, https:\/\/bk.arq.br\/wp-content\/uploads\/2026\/02\/GIULIANO-1536x1536.png 1536w, https:\/\/bk.arq.br\/wp-content\/uploads\/2026\/02\/GIULIANO-12x12.png 12w, https:\/\/bk.arq.br\/wp-content\/uploads\/2026\/02\/GIULIANO-225x225.png 225w\" sizes=\"auto, (max-width: 1605px) 100vw, 1605px\" \/>                <\/div>\n\n                <div class=\"mobile-member-text\">\n                    <div>\n                        <h3>GIULIANO CHIMENT\u00c3O<\/h3>\n                        <p class=\"cargo\"><p>Coordinating Architect<\/p>\n<\/p>\n                    <\/div>\n                    <div>\n\n                                            <div class=\"bio-short\">\n                            <p>Architect and urban planner graduated from Mackenzie Presbyterian University (2020).<\/p>\n                        <\/div>\n                    \n                                            <div class=\"bio-full\">\n                            <p>Architect and urban planner graduated from Mackenzie Presbyterian University (2020). Awarded 2nd place in the MODO competition \u2013 attached to the National Museum (2019), he began his career at Biselli Katchborian in 2019 as an intern, becoming an architect and later a coordinator. He works in the development of projects in the most varied stages, team leadership and project preparation.<\/p>\n                        <\/div>\n\n                        <button class=\"read-more\" type=\"button\">\n                        Read more                        <\/button>\n                                        <\/div>\n                    <\/div>\n\n\n            <\/div>\n\n        \n            \n            <div class=\"mobile-member\">\n\n                <div class=\"mobile-member-image\">\n                    <img loading=\"lazy\" decoding=\"async\" width=\"1605\" height=\"1606\" src=\"https:\/\/bk.arq.br\/wp-content\/uploads\/2026\/03\/VINI-FARIA.png\" class=\"attachment-full size-full\" alt=\"\" srcset=\"https:\/\/bk.arq.br\/wp-content\/uploads\/2026\/03\/VINI-FARIA.png 1605w, https:\/\/bk.arq.br\/wp-content\/uploads\/2026\/03\/VINI-FARIA-300x300.png 300w, https:\/\/bk.arq.br\/wp-content\/uploads\/2026\/03\/VINI-FARIA-1024x1024.png 1024w, https:\/\/bk.arq.br\/wp-content\/uploads\/2026\/03\/VINI-FARIA-150x150.png 150w, https:\/\/bk.arq.br\/wp-content\/uploads\/2026\/03\/VINI-FARIA-768x768.png 768w, https:\/\/bk.arq.br\/wp-content\/uploads\/2026\/03\/VINI-FARIA-1536x1536.png 1536w, https:\/\/bk.arq.br\/wp-content\/uploads\/2026\/03\/VINI-FARIA-12x12.png 12w, https:\/\/bk.arq.br\/wp-content\/uploads\/2026\/03\/VINI-FARIA-225x225.png 225w\" sizes=\"auto, (max-width: 1605px) 100vw, 1605px\" \/>                <\/div>\n\n                <div class=\"mobile-member-text\">\n                    <div>\n                        <h3>VINICIUS FARIA<\/h3>\n                        <p class=\"cargo\"><p>Architect<\/p>\n<\/p>\n                    <\/div>\n                    <div>\n\n                                            <div class=\"bio-short\">\n                            <p>Architect and urban planner graduated from Mackenzie Presbyterian University (2022).<\/p>\n                        <\/div>\n                    \n                                            <div class=\"bio-full\">\n                            <p>He developed scientific research focused on urban micro drainage, active mobility and qualification of public space, standing out for the technical quality of the study. His TFG, focused on green infrastructure and sustainable architecture issues, was recognized by the institution among the best works of the year. He is the winner of the CAU-SP Designing the Future award (2023), in the Urban and Regional Planning category. Having worked in renowned offices, he has been part of Biselli Katchborian as an architect since 2023, working in the development and detailing of architectural projects in various phases and scales.<\/p>\n                        <\/div>\n\n                        <button class=\"read-more\" type=\"button\">\n                        Read more                        <\/button>\n                                        <\/div>\n                    <\/div>\n\n\n            <\/div>\n\n        \n            \n            <div class=\"mobile-member\">\n\n                <div class=\"mobile-member-image\">\n                    <img loading=\"lazy\" decoding=\"async\" width=\"1605\" height=\"1606\" src=\"https:\/\/bk.arq.br\/wp-content\/uploads\/2026\/02\/LUIZA.png\" class=\"attachment-full size-full\" alt=\"\" srcset=\"https:\/\/bk.arq.br\/wp-content\/uploads\/2026\/02\/LUIZA.png 1605w, https:\/\/bk.arq.br\/wp-content\/uploads\/2026\/02\/LUIZA-300x300.png 300w, https:\/\/bk.arq.br\/wp-content\/uploads\/2026\/02\/LUIZA-1024x1024.png 1024w, https:\/\/bk.arq.br\/wp-content\/uploads\/2026\/02\/LUIZA-150x150.png 150w, https:\/\/bk.arq.br\/wp-content\/uploads\/2026\/02\/LUIZA-768x768.png 768w, https:\/\/bk.arq.br\/wp-content\/uploads\/2026\/02\/LUIZA-1536x1536.png 1536w, https:\/\/bk.arq.br\/wp-content\/uploads\/2026\/02\/LUIZA-12x12.png 12w, https:\/\/bk.arq.br\/wp-content\/uploads\/2026\/02\/LUIZA-225x225.png 225w\" sizes=\"auto, (max-width: 1605px) 100vw, 1605px\" \/>                <\/div>\n\n                <div class=\"mobile-member-text\">\n                    <div>\n                        <h3>LUIZA GASPAR<\/h3>\n                        <p class=\"cargo\"><p>Architect<\/p>\n<\/p>\n                    <\/div>\n                    <div>\n\n                                            <div class=\"bio-short\">\n                            <p>Architect and urban planner graduated from the College of Architecture and Urbanism of the University of S\u00e3o Paulo \u2013 FAUUSP (2023), with an exchange program at Politecnico di Milano, in Italy (2022).<\/p>\n                        <\/div>\n                    \n                                            <div class=\"bio-full\">\n                            <p> She participated in complementary training, including the Buildings as Sustainable Energy Systems course  (TU Delft, 2020), and was a finalist for the 6th CURA Award (2021). She developed scientific research in History of Architecture and Project Aesthetics (2020), during her graduation. She began her career in a renowned office and, since 2023, she has been working at Biselli Katchborian, where she started as an intern and today works as an architect, developing projects in different phases and typologies.<\/p>\n                        <\/div>\n\n                        <button class=\"read-more\" type=\"button\">\n                        Read more                        <\/button>\n                                        <\/div>\n                    <\/div>\n\n\n            <\/div>\n\n        \n            \n            <div class=\"mobile-member\">\n\n                <div class=\"mobile-member-image\">\n                    <img loading=\"lazy\" decoding=\"async\" width=\"1605\" height=\"1606\" src=\"https:\/\/bk.arq.br\/wp-content\/uploads\/2026\/02\/HELO.png\" class=\"attachment-full size-full\" alt=\"\" srcset=\"https:\/\/bk.arq.br\/wp-content\/uploads\/2026\/02\/HELO.png 1605w, https:\/\/bk.arq.br\/wp-content\/uploads\/2026\/02\/HELO-300x300.png 300w, https:\/\/bk.arq.br\/wp-content\/uploads\/2026\/02\/HELO-1024x1024.png 1024w, https:\/\/bk.arq.br\/wp-content\/uploads\/2026\/02\/HELO-150x150.png 150w, https:\/\/bk.arq.br\/wp-content\/uploads\/2026\/02\/HELO-768x768.png 768w, https:\/\/bk.arq.br\/wp-content\/uploads\/2026\/02\/HELO-1536x1536.png 1536w, https:\/\/bk.arq.br\/wp-content\/uploads\/2026\/02\/HELO-12x12.png 12w, https:\/\/bk.arq.br\/wp-content\/uploads\/2026\/02\/HELO-225x225.png 225w\" sizes=\"auto, (max-width: 1605px) 100vw, 1605px\" \/>                <\/div>\n\n                <div class=\"mobile-member-text\">\n                    <div>\n                        <h3>HELO\u00cdSA FOS<\/h3>\n                        <p class=\"cargo\"><p>Architect<\/p>\n<\/p>\n                    <\/div>\n                    <div>\n\n                                            <div class=\"bio-short\">\n                            <p>Architect and urban planner graduated from the Senac University Center - Santo Amaro (2025).<\/p>\n                        <\/div>\n                    \n                                            <div class=\"bio-full\">\n                            <p>She developed scientific initiation (2022) with a focus on the use of engineered and reused wood in social housing and participated in the Lab Ideas Contest (2022), with the project of the Rehabilitation Center of Av. Rio Branco. She was an intern at Biselli Katchborian from 2023-25 and today, she works as an architect in support of the various stages of the project.<\/p>\n                        <\/div>\n\n                        <button class=\"read-more\" type=\"button\">\n                        Read more                        <\/button>\n                                        <\/div>\n                    <\/div>\n\n\n            <\/div>\n\n        \n            \n            <div class=\"mobile-member\">\n\n                <div class=\"mobile-member-image\">\n                    <img loading=\"lazy\" decoding=\"async\" width=\"1605\" height=\"1606\" src=\"https:\/\/bk.arq.br\/wp-content\/uploads\/2026\/02\/GUILHERME.png\" class=\"attachment-full size-full\" alt=\"\" srcset=\"https:\/\/bk.arq.br\/wp-content\/uploads\/2026\/02\/GUILHERME.png 1605w, https:\/\/bk.arq.br\/wp-content\/uploads\/2026\/02\/GUILHERME-300x300.png 300w, https:\/\/bk.arq.br\/wp-content\/uploads\/2026\/02\/GUILHERME-1024x1024.png 1024w, https:\/\/bk.arq.br\/wp-content\/uploads\/2026\/02\/GUILHERME-150x150.png 150w, https:\/\/bk.arq.br\/wp-content\/uploads\/2026\/02\/GUILHERME-768x768.png 768w, https:\/\/bk.arq.br\/wp-content\/uploads\/2026\/02\/GUILHERME-1536x1536.png 1536w, https:\/\/bk.arq.br\/wp-content\/uploads\/2026\/02\/GUILHERME-12x12.png 12w, https:\/\/bk.arq.br\/wp-content\/uploads\/2026\/02\/GUILHERME-225x225.png 225w\" sizes=\"auto, (max-width: 1605px) 100vw, 1605px\" \/>                <\/div>\n\n                <div class=\"mobile-member-text\">\n                    <div>\n                        <h3>GUILHERME PALLADINI<\/h3>\n                        <p class=\"cargo\"><p>Architect<\/p>\n<\/p>\n                    <\/div>\n                    <div>\n\n                                            <div class=\"bio-short\">\n                            <p>Architect and urban planner graduated from the SENAC University Center - Santo Amaro (2025).<\/p>\n                        <\/div>\n                    \n                                            <div class=\"bio-full\">\n                            <p>He participated in the Lab Ideias Contest (2022), developing the project of the Rehabilitation Center of Av. Rio Branco. As an intern, he joined the Biselli Katchborian office from 2023-25, and today collaborates in the development of studies, drawings and technical design processes, as an architect.\u00a0<\/p>\n                        <\/div>\n\n                        <button class=\"read-more\" type=\"button\">\n                        Read more                        <\/button>\n                                        <\/div>\n                    <\/div>\n\n\n            <\/div>\n\n        \n            \n            <div class=\"mobile-member\">\n\n                <div class=\"mobile-member-image\">\n                    <img loading=\"lazy\" decoding=\"async\" width=\"1605\" height=\"1606\" src=\"https:\/\/bk.arq.br\/wp-content\/uploads\/2026\/02\/BIA.png\" class=\"attachment-full size-full\" alt=\"\" srcset=\"https:\/\/bk.arq.br\/wp-content\/uploads\/2026\/02\/BIA.png 1605w, https:\/\/bk.arq.br\/wp-content\/uploads\/2026\/02\/BIA-300x300.png 300w, https:\/\/bk.arq.br\/wp-content\/uploads\/2026\/02\/BIA-1024x1024.png 1024w, https:\/\/bk.arq.br\/wp-content\/uploads\/2026\/02\/BIA-150x150.png 150w, https:\/\/bk.arq.br\/wp-content\/uploads\/2026\/02\/BIA-768x768.png 768w, https:\/\/bk.arq.br\/wp-content\/uploads\/2026\/02\/BIA-1536x1536.png 1536w, https:\/\/bk.arq.br\/wp-content\/uploads\/2026\/02\/BIA-12x12.png 12w, https:\/\/bk.arq.br\/wp-content\/uploads\/2026\/02\/BIA-225x225.png 225w\" sizes=\"auto, (max-width: 1605px) 100vw, 1605px\" \/>                <\/div>\n\n                <div class=\"mobile-member-text\">\n                    <div>\n                        <h3>BEATRIZ FREITAS<\/h3>\n                        <p class=\"cargo\"><p>Architect<\/p>\n<\/p>\n                    <\/div>\n                    <div>\n\n                                            <div class=\"bio-short\">\n                            <p>Architect and urban planner graduated from Escola da Cidade (2024).<\/p>\n                        <\/div>\n                    \n                                            <div class=\"bio-full\">\n                            <p> Architect and urban planner graduated from Escola da Cidade (2024). She is a postgraduate student in Museums, Culture and Education at PUC-SP, an area that crosses her interest in architecture as a cultural and educational field. During her undergraduate studies, she developed scientific research in History and Theory of Architecture (2022) and carried out an academic exchange at the Polytechnic University of Catalonia (UPC), in Barcelona (2023). With experience in offices in Brazil and Spain, she has been part of the Biselli Katchborian office since 2025, working in the development and detailing of architectural projects.<\/p>\n                        <\/div>\n\n                        <button class=\"read-more\" type=\"button\">\n                        Read more                        <\/button>\n                                        <\/div>\n                    <\/div>\n\n\n            <\/div>\n\n        \n            \n            <div class=\"mobile-member\">\n\n                <div class=\"mobile-member-image\">\n                    <img loading=\"lazy\" decoding=\"async\" width=\"1605\" height=\"1606\" src=\"https:\/\/bk.arq.br\/wp-content\/uploads\/2026\/02\/VITOR.png\" class=\"attachment-full size-full\" alt=\"\" srcset=\"https:\/\/bk.arq.br\/wp-content\/uploads\/2026\/02\/VITOR.png 1605w, https:\/\/bk.arq.br\/wp-content\/uploads\/2026\/02\/VITOR-300x300.png 300w, https:\/\/bk.arq.br\/wp-content\/uploads\/2026\/02\/VITOR-1024x1024.png 1024w, https:\/\/bk.arq.br\/wp-content\/uploads\/2026\/02\/VITOR-150x150.png 150w, https:\/\/bk.arq.br\/wp-content\/uploads\/2026\/02\/VITOR-768x768.png 768w, https:\/\/bk.arq.br\/wp-content\/uploads\/2026\/02\/VITOR-1536x1536.png 1536w, https:\/\/bk.arq.br\/wp-content\/uploads\/2026\/02\/VITOR-12x12.png 12w, https:\/\/bk.arq.br\/wp-content\/uploads\/2026\/02\/VITOR-225x225.png 225w\" sizes=\"auto, (max-width: 1605px) 100vw, 1605px\" \/>                <\/div>\n\n                <div class=\"mobile-member-text\">\n                    <div>\n                        <h3>VITOR MOREIRA<\/h3>\n                        <p class=\"cargo\"><p>Architect<\/p>\n<\/p>\n                    <\/div>\n                    <div>\n\n                                            <div class=\"bio-short\">\n                            <p>Architect and urban planner graduated from Mackenzie Presbyterian University (2022).<\/p>\n                        <\/div>\n                    \n                                            <div class=\"bio-full\">\n                            <p>\u00a0 Throughout his academic training, he worked in relevant  firms on the national scene. He has been part of the Biselli Katchborian team since 2025, participating in the development of projects in its various stages.\u00a0<\/p>\n                        <\/div>\n\n                        <button class=\"read-more\" type=\"button\">\n                        Read more                        <\/button>\n                                        <\/div>\n                    <\/div>\n\n\n            <\/div>\n\n        \n            \n            <div class=\"mobile-member\">\n\n                <div class=\"mobile-member-image\">\n                    <img loading=\"lazy\" decoding=\"async\" width=\"1605\" height=\"1606\" src=\"https:\/\/bk.arq.br\/wp-content\/uploads\/2026\/02\/LEONARDO.png\" class=\"attachment-full size-full\" alt=\"\" srcset=\"https:\/\/bk.arq.br\/wp-content\/uploads\/2026\/02\/LEONARDO.png 1605w, https:\/\/bk.arq.br\/wp-content\/uploads\/2026\/02\/LEONARDO-300x300.png 300w, https:\/\/bk.arq.br\/wp-content\/uploads\/2026\/02\/LEONARDO-1024x1024.png 1024w, https:\/\/bk.arq.br\/wp-content\/uploads\/2026\/02\/LEONARDO-150x150.png 150w, https:\/\/bk.arq.br\/wp-content\/uploads\/2026\/02\/LEONARDO-768x768.png 768w, https:\/\/bk.arq.br\/wp-content\/uploads\/2026\/02\/LEONARDO-1536x1536.png 1536w, https:\/\/bk.arq.br\/wp-content\/uploads\/2026\/02\/LEONARDO-12x12.png 12w, https:\/\/bk.arq.br\/wp-content\/uploads\/2026\/02\/LEONARDO-225x225.png 225w\" sizes=\"auto, (max-width: 1605px) 100vw, 1605px\" \/>                <\/div>\n\n                <div class=\"mobile-member-text\">\n                    <div>\n                        <h3>LEONARDO WANG<\/h3>\n                        <p class=\"cargo\"><p>Architect<\/p>\n<\/p>\n                    <\/div>\n                    <div>\n\n                                            <div class=\"bio-short\">\n                            <p>Architect and Urban Planner, graduated from Mackenzie Presbyterian University (2024), with an exchange program at Universiteit Hasselt (2022), in Belgium.<\/p>\n                        <\/div>\n                    \n                                            <div class=\"bio-full\">\n                            <p> Possui forma\u00e7\u00f5es complementares, incluindo o curso Dise\u00f1o Biof\u00edlico y Arquitectura del Pasaje (Mackenzie, 2021) e Understanding the Role of Micro-Mobility Services in Urban Sustainability in Disadvantaged Neighborhoods (TU Delft, 2024). Desenvolveu pesquisa cient\u00edfica voltada ao estudo de tecnologias construtivas sustent\u00e1veis. Desde 2025, atua na Biselli Katchborian como arquiteto, participando do desenvolvimento, detalhamento e compatibiliza\u00e7\u00e3o\u00a0de\u00a0projetos.<\/p>\n                        <\/div>\n\n                        <button class=\"read-more\" type=\"button\">\n                        Read more                        <\/button>\n                                        <\/div>\n                    <\/div>\n\n\n            <\/div>\n\n        \n            \n            <div class=\"mobile-member\">\n\n                <div class=\"mobile-member-image\">\n                    <img loading=\"lazy\" decoding=\"async\" width=\"1605\" height=\"1606\" src=\"https:\/\/bk.arq.br\/wp-content\/uploads\/2026\/02\/RAFAEL.png\" class=\"attachment-full size-full\" alt=\"\" srcset=\"https:\/\/bk.arq.br\/wp-content\/uploads\/2026\/02\/RAFAEL.png 1605w, https:\/\/bk.arq.br\/wp-content\/uploads\/2026\/02\/RAFAEL-300x300.png 300w, https:\/\/bk.arq.br\/wp-content\/uploads\/2026\/02\/RAFAEL-1024x1024.png 1024w, https:\/\/bk.arq.br\/wp-content\/uploads\/2026\/02\/RAFAEL-150x150.png 150w, https:\/\/bk.arq.br\/wp-content\/uploads\/2026\/02\/RAFAEL-768x768.png 768w, https:\/\/bk.arq.br\/wp-content\/uploads\/2026\/02\/RAFAEL-1536x1536.png 1536w, https:\/\/bk.arq.br\/wp-content\/uploads\/2026\/02\/RAFAEL-12x12.png 12w, https:\/\/bk.arq.br\/wp-content\/uploads\/2026\/02\/RAFAEL-225x225.png 225w\" sizes=\"auto, (max-width: 1605px) 100vw, 1605px\" \/>                <\/div>\n\n                <div class=\"mobile-member-text\">\n                    <div>\n                        <h3>RAFAEL PARENTE<\/h3>\n                        <p class=\"cargo\"><p>Architect<\/p>\n<\/p>\n                    <\/div>\n                    <div>\n\n                                            <div class=\"bio-short\">\n                            <p>Architect and urban planner, graduated from Mackenzie Presbyterian University (2022), he works in the stages of development, detailing and compatibility of projects and, since 2025, has been part of the Biselli Katchborian team.<\/p>\n                        <\/div>\n                    \n                                            <div class=\"bio-full\">\n                            <p> He has relevant experience in national and international competitions and academic prominence with TFG published in the book FAU+D Mackenzie: Architecture and Urbanism &amp; Design - Final Papers 2022.<\/p>\n                        <\/div>\n\n                        <button class=\"read-more\" type=\"button\">\n                        Read more                        <\/button>\n                                        <\/div>\n                    <\/div>\n\n\n            <\/div>\n\n        \n            \n            <div class=\"mobile-member\">\n\n                <div class=\"mobile-member-image\">\n                    <img loading=\"lazy\" decoding=\"async\" width=\"1605\" height=\"1606\" src=\"https:\/\/bk.arq.br\/wp-content\/uploads\/2026\/02\/SARAH.png\" class=\"attachment-full size-full\" alt=\"\" srcset=\"https:\/\/bk.arq.br\/wp-content\/uploads\/2026\/02\/SARAH.png 1605w, https:\/\/bk.arq.br\/wp-content\/uploads\/2026\/02\/SARAH-300x300.png 300w, https:\/\/bk.arq.br\/wp-content\/uploads\/2026\/02\/SARAH-1024x1024.png 1024w, https:\/\/bk.arq.br\/wp-content\/uploads\/2026\/02\/SARAH-150x150.png 150w, https:\/\/bk.arq.br\/wp-content\/uploads\/2026\/02\/SARAH-768x768.png 768w, https:\/\/bk.arq.br\/wp-content\/uploads\/2026\/02\/SARAH-1536x1536.png 1536w, https:\/\/bk.arq.br\/wp-content\/uploads\/2026\/02\/SARAH-12x12.png 12w, https:\/\/bk.arq.br\/wp-content\/uploads\/2026\/02\/SARAH-225x225.png 225w\" sizes=\"auto, (max-width: 1605px) 100vw, 1605px\" \/>                <\/div>\n\n                <div class=\"mobile-member-text\">\n                    <div>\n                        <h3>SARAH RODRIGUES<\/h3>\n                        <p class=\"cargo\"><p>Intern<\/p>\n<\/p>\n                    <\/div>\n                    <div>\n\n                                            <div class=\"bio-short\">\n                            <p>Student of Architecture and Urbanism at the Senac Santo Amaro University Center.<\/p>\n                        <\/div>\n                    \n                                            <div class=\"bio-full\">\n                            <p> Student of Architecture and Urbanism at the Senac Santo Amaro University Center. She developed scientific initiation, among other academic activities. Having worked for a period as an intern in an office focused on carpentry furniture, she joined the Biselli Katchborian team in 2025, expanding her performance in the field of architectural design.<\/p>\n                        <\/div>\n\n                        <button class=\"read-more\" type=\"button\">\n                        Read more                        <\/button>\n                                        <\/div>\n                    <\/div>\n\n\n            <\/div>\n\n        \n            \n            <div class=\"mobile-member\">\n\n                <div class=\"mobile-member-image\">\n                    <img loading=\"lazy\" decoding=\"async\" width=\"1605\" height=\"1606\" src=\"https:\/\/bk.arq.br\/wp-content\/uploads\/2026\/02\/VITOR-OSSAMU.png\" class=\"attachment-full size-full\" alt=\"\" srcset=\"https:\/\/bk.arq.br\/wp-content\/uploads\/2026\/02\/VITOR-OSSAMU.png 1605w, https:\/\/bk.arq.br\/wp-content\/uploads\/2026\/02\/VITOR-OSSAMU-300x300.png 300w, https:\/\/bk.arq.br\/wp-content\/uploads\/2026\/02\/VITOR-OSSAMU-1024x1024.png 1024w, https:\/\/bk.arq.br\/wp-content\/uploads\/2026\/02\/VITOR-OSSAMU-150x150.png 150w, https:\/\/bk.arq.br\/wp-content\/uploads\/2026\/02\/VITOR-OSSAMU-768x768.png 768w, https:\/\/bk.arq.br\/wp-content\/uploads\/2026\/02\/VITOR-OSSAMU-1536x1536.png 1536w, https:\/\/bk.arq.br\/wp-content\/uploads\/2026\/02\/VITOR-OSSAMU-12x12.png 12w, https:\/\/bk.arq.br\/wp-content\/uploads\/2026\/02\/VITOR-OSSAMU-225x225.png 225w\" sizes=\"auto, (max-width: 1605px) 100vw, 1605px\" \/>                <\/div>\n\n                <div class=\"mobile-member-text\">\n                    <div>\n                        <h3>VITOR OSSAMU<\/h3>\n                        <p class=\"cargo\"><p>Intern<\/p>\n<\/p>\n                    <\/div>\n                    <div>\n\n                                            <div class=\"bio-short\">\n                            <p>Architecture and Urbanism student at the Belas Artes University Center of S\u00e3o Paulo, with experience focused on architectural design development.<\/p>\n                        <\/div>\n                    \n                                            <div class=\"bio-full\">\n                            <p> Worked as a construction intern, with experience in site supervision, support for site management, and project documentation review. Since 2026, has been part of the team at Biselli Katchborian, expanding involvement in the field of architectural project development.<\/p>\n                        <\/div>\n\n                        <button class=\"read-more\" type=\"button\">\n                        Read more                        <\/button>\n                                        <\/div>\n                    <\/div>\n\n\n            <\/div>\n\n        \n            \n            <div class=\"mobile-member\">\n\n                <div class=\"mobile-member-image\">\n                    <img loading=\"lazy\" decoding=\"async\" width=\"1605\" height=\"1606\" src=\"https:\/\/bk.arq.br\/wp-content\/uploads\/2026\/02\/FABI.png\" class=\"attachment-full size-full\" alt=\"\" srcset=\"https:\/\/bk.arq.br\/wp-content\/uploads\/2026\/02\/FABI.png 1605w, https:\/\/bk.arq.br\/wp-content\/uploads\/2026\/02\/FABI-300x300.png 300w, https:\/\/bk.arq.br\/wp-content\/uploads\/2026\/02\/FABI-1024x1024.png 1024w, https:\/\/bk.arq.br\/wp-content\/uploads\/2026\/02\/FABI-150x150.png 150w, https:\/\/bk.arq.br\/wp-content\/uploads\/2026\/02\/FABI-768x768.png 768w, https:\/\/bk.arq.br\/wp-content\/uploads\/2026\/02\/FABI-1536x1536.png 1536w, https:\/\/bk.arq.br\/wp-content\/uploads\/2026\/02\/FABI-12x12.png 12w, https:\/\/bk.arq.br\/wp-content\/uploads\/2026\/02\/FABI-225x225.png 225w\" sizes=\"auto, (max-width: 1605px) 100vw, 1605px\" \/>                <\/div>\n\n                <div class=\"mobile-member-text\">\n                    <div>\n                        <h3>FABIANA CARBONE<\/h3>\n                        <p class=\"cargo\"><p>Administrative<\/p>\n<\/p>\n                    <\/div>\n                    <div>\n\n                                            <div class=\"bio-short\">\n                            <p>Graduated in Business Administration, she contributes to the administrative and financial management of the firm, bringing a strategic vision to the organization of Biselli Katchborian's internal processes, in addition to budget control and support for decision-making.<\/p>\n                        <\/div>\n                    \n                                            <div class=\"bio-full\">\n                            <p> She has been working at the firm since the beginning of 2025.\u00a0<\/p>\n                        <\/div>\n\n                        <button class=\"read-more\" type=\"button\">\n                        Read more                        <\/button>\n                                        <\/div>\n                    <\/div>\n\n\n            <\/div>\n\n        \n    <\/div>\n\n\n<\/section>\n\n\n\n\n\n            <section class=\"ex-bks\">\n\n                <!-- COLUNA ESQUERDA -->\n                <div class=\"col-left\">\n                    <h3>EX BKs<\/h3>\n                <\/div>\n\n                <!-- COLUNA DIREITA -->\n                <div class=\"col-right\">\n                    <div class=\"columns\">\n\n                        <div class=\"column\">\n                            Adriana Godoy<br \/>\nAdriana Osaki<br \/>\nAlessandra Mattar<br \/>\nAlexandre Biselli<br \/>\nAlexandre Cafcalas<br \/>\nAmanda Castro<br \/>\nAna Carolina Martins<br \/>\nAna Carolina Pudenzi<br \/>\nAnna Luisa Segete<br \/>\nAndr\u00e9 Sauaia<br \/>\nBreno Quaioti<br \/>\nBrisa Oliveira<br \/>\nCaio Camillo<br \/>\nCamila Aparecida de Oliveira<br \/>\nCamila Bevilacqua de Toledo<br \/>\nCamila Paciullo Grecco<br \/>\nCamila Palmiere<br \/>\nCamila Stela<br \/>\nCamila Stump<br \/>\nCarla Gotardello<br \/>\nCarolina Dal Ben Padua<br \/>\nCarolina Gomes<br \/>\nCaroline Rennhard<br \/>\nCassia Lopes Moral<br \/>\nCassio Oba<br \/>\nChristian dos Santos<br \/>\nClaudia Tescari<br \/>\nClaudia Zanoio                        <\/div>\n\n                        <div class=\"column\">\n                            Cristiana Gon\u00e7alves Pereira Rodrigues<br \/>\nDaniel Corsi<br \/>\nDaniela Assis Santiago<br \/>\nD\u00e9bora Pinheiro<br \/>\nDiego Magr\u00ec<br \/>\nEduardo Akira<br \/>\nEduardo Amaro<br \/>\nEduardo Pasklan<br \/>\nEduardo Pompeu<br \/>\nEnrico Arigoni<br \/>\nFabio Jorge<br \/>\nFernanda Andrade<br \/>\nFernanda Castilho<br \/>\nFernanda Clua<br \/>\nFernando Lisboa<br \/>\nFiona Platt<br \/>\nFl\u00e1via Prata<br \/>\nGabriel Baptista<br \/>\nGabriel Cesar e Santos<br \/>\nGabriel Menezes<br \/>\nGabriela Villaescusa<br \/>\nGabrielle Rossini<br \/>\nGuilherme Filocomo<br \/>\nHeverson Tamashiro<br \/>\nHugo Rossini<br \/>\nIsabela Moura<br \/>\nIvo Fioravanti<br \/>\nJake Pfhal                        <\/div>\n\n                        <div class=\"column\">\n                            Jeyci Jansen<br \/>\nJo\u00e3o Dualibi<br \/>\nJo\u00e3o Paulo Daolio<br \/>\nJorg Spanenberg<br \/>\nJuliana Trama<br \/>\nJ\u00falio de Luca<br \/>\nKathleen Oliveira Lambert Gabillet<br \/>\nLara Aldeia<br \/>\nLaura Paes Barreto Pardo<br \/>\nLeandro Alegria Pereira<br \/>\nLeonardo Borgheresi<br \/>\nL\u00edvia Maria Leite Fran\u00e7a<br \/>\nLuciana Camargo Ribeiro<br \/>\nLuciana Conti<br \/>\nLuciana Engel<br \/>\nLuciano Cers\u00f3simo<br \/>\nLucilla Martens<br \/>\nLuiz Marino K\u00fcller<br \/>\nLuiza Franklin<br \/>\nLuiza Monserrat<br \/>\nMaria Fernanda Vita<br \/>\nMa\u00edra Martins<br \/>\nMarcela Ernani<br \/>\nMarcelo Checchia<br \/>\nMarcio Coelho<br \/>\nMarcos Bresser<br \/>\nMarcos Pivari<br \/>\nMaria Eduarda Furlan                        <\/div>\n\n                        <div class=\"column\">\n                            Mariana Costa<br \/>\nMarina Pedreira<br \/>\nMatheus Joris<br \/>\nMaur\u00edcio Addor<br \/>\nMayara Guarino<br \/>\nMelina Giannoni<br \/>\nMoises Caio<br \/>\nMonica Brooke<br \/>\nNatalia Celedon<br \/>\nNatalia Gandini<br \/>\nPablo Mauleon Toniolo<br \/>\nPaula Cavaggione<br \/>\nPaulo Roberto dos Santos Barbosa<br \/>\nPedro Mosso<br \/>\nPriscila Dianese<br \/>\nRaquel Rodorigo de Barcelos<br \/>\nReinaldo Sigueta Nishimura<br \/>\nRenata Calfat<br \/>\nRicardo Forte Pace<br \/>\nRodrigo Ohtake<br \/>\nS\u00e9rgio Matera<br \/>\nStephanie Luna<br \/>\nTais Cristina da Silva<br \/>\nTais Ossani<br \/>\nTalitha Parra<br \/>\nThais Correia<br \/>\nThais Velasco<br \/>\nVictor Piza<br \/>\nVin\u00edcius Miranda de Figueiredo<br \/>\nVitor Zanatta                        <\/div>\n\n                    <\/div>\n                <\/div>\n                <div class=\"col-mobile\">\n                    <div class=\"columns\">\n\n                        <div class=\"column\">\n                            <p>Adriana Godoy<br \/>\nAdriana Osaki<br \/>\nAlessandra Mattar<br \/>\nAlexandre Biselli<br \/>\nAlexandre Cafcalas<br \/>\nAmanda Castro<br \/>\nAna Carolina Martins<br \/>\nAna Carolina Pudenzi<br \/>\nAnna Luisa Segete<br \/>\nAndr\u00e9 Sauaia<br \/>\nBreno Quaioti<br \/>\nBrisa Oliveira<br \/>\nCaio Camillo<br \/>\nCamila Aparecida de Oliveira<br \/>\nCamila Bevilacqua de Toledo<br \/>\nCamila Paciullo Grecco<br \/>\nCamila Palmiere<br \/>\nCamila Stela<br \/>\nCamila Stump<br \/>\nCarla Gotardello<br \/>\nCarolina Dal Ben Padua<br \/>\nCarolina Gomes<br \/>\nCaroline Rennhard<br \/>\nCassia Lopes Moral<br \/>\nCassio Oba<br \/>\nChristian dos Santos<br \/>\nClaudia Tescari<br \/>\nClaudia Zanoio<\/p>\n                            <p>Cristiana Gon\u00e7alves Pereira Rodrigues<br \/>\nDaniel Corsi<br \/>\nDaniela Assis Santiago<br \/>\nD\u00e9bora Pinheiro<br \/>\nDiego Magr\u00ec<br \/>\nEduardo Akira<br \/>\nEduardo Amaro<br \/>\nEduardo Pasklan<br \/>\nEduardo Pompeu<br \/>\nEnrico Arigoni<br \/>\nFabio Jorge<br \/>\nFernanda Andrade<br \/>\nFernanda Castilho<br \/>\nFernanda Clua<br \/>\nFernando Lisboa<br \/>\nFiona Platt<br \/>\nFl\u00e1via Prata<br \/>\nGabriel Baptista<br \/>\nGabriel Cesar e Santos<br \/>\nGabriel Menezes<br \/>\nGabriela Villaescusa<br \/>\nGabrielle Rossini<br \/>\nGuilherme Filocomo<br \/>\nHeverson Tamashiro<br \/>\nHugo Rossini<br \/>\nIsabela Moura<br \/>\nIvo Fioravanti<br \/>\nJake Pfhal<\/p>\n                        <\/div>\n\n                        <div class=\"column\">\n                            <p>Jeyci Jansen<br \/>\nJo\u00e3o Dualibi<br \/>\nJo\u00e3o Paulo Daolio<br \/>\nJorg Spanenberg<br \/>\nJuliana Trama<br \/>\nJ\u00falio de Luca<br \/>\nKathleen Oliveira Lambert Gabillet<br \/>\nLara Aldeia<br \/>\nLaura Paes Barreto Pardo<br \/>\nLeandro Alegria Pereira<br \/>\nLeonardo Borgheresi<br \/>\nL\u00edvia Maria Leite Fran\u00e7a<br \/>\nLuciana Camargo Ribeiro<br \/>\nLuciana Conti<br \/>\nLuciana Engel<br \/>\nLuciano Cers\u00f3simo<br \/>\nLucilla Martens<br \/>\nLuiz Marino K\u00fcller<br \/>\nLuiza Franklin<br \/>\nLuiza Monserrat<br \/>\nMaria Fernanda Vita<br \/>\nMa\u00edra Martins<br \/>\nMarcela Ernani<br \/>\nMarcelo Checchia<br \/>\nMarcio Coelho<br \/>\nMarcos Bresser<br \/>\nMarcos Pivari<br \/>\nMaria Eduarda Furlan<\/p>\n                            <p>Mariana Costa<br \/>\nMarina Pedreira<br \/>\nMatheus Joris<br \/>\nMaur\u00edcio Addor<br \/>\nMayara Guarino<br \/>\nMelina Giannoni<br \/>\nMoises Caio<br \/>\nMonica Brooke<br \/>\nNatalia Celedon<br \/>\nNatalia Gandini<br \/>\nPablo Mauleon Toniolo<br \/>\nPaula Cavaggione<br \/>\nPaulo Roberto dos Santos Barbosa<br \/>\nPedro Mosso<br \/>\nPriscila Dianese<br \/>\nRaquel Rodorigo de Barcelos<br \/>\nReinaldo Sigueta Nishimura<br \/>\nRenata Calfat<br \/>\nRicardo Forte Pace<br \/>\nRodrigo Ohtake<br \/>\nS\u00e9rgio Matera<br \/>\nStephanie Luna<br \/>\nTais Cristina da Silva<br \/>\nTais Ossani<br \/>\nTalitha Parra<br \/>\nThais Correia<br \/>\nThais Velasco<br \/>\nVictor Piza<br \/>\nVin\u00edcius Miranda de Figueiredo<br \/>\nVitor Zanatta<\/p>\n                        <\/div>\n                    <\/div>\n                <\/div>\n\n            <\/section>","protected":false},"excerpt":{"rendered":"","protected":false},"author":1,"featured_media":1793,"parent":0,"menu_order":0,"comment_status":"closed","ping_status":"closed","template":"","meta":{"_acf_changed":false,"footnotes":""},"class_list":["post-44","page","type-page","status-publish","has-post-thumbnail","hentry"],"acf":[],"yoast_head":"<!-- This site is optimized with the Yoast SEO plugin v27.4 - https:\/\/yoast.com\/product\/yoast-seo-wordpress\/ -->\n<title>Equipe - Biselli Katchborian<\/title>\n<meta name=\"robots\" content=\"index, follow, max-snippet:-1, max-image-preview:large, max-video-preview:-1\" \/>\n<link rel=\"canonical\" href=\"https:\/\/bk.arq.br\/en\/equipe\/\" \/>\n<meta property=\"og:locale\" content=\"en_US\" \/>\n<meta property=\"og:type\" content=\"article\" \/>\n<meta property=\"og:title\" content=\"Equipe - Biselli Katchborian\" \/>\n<meta property=\"og:url\" content=\"https:\/\/bk.arq.br\/en\/equipe\/\" \/>\n<meta property=\"og:site_name\" content=\"Biselli Katchborian\" \/>\n<meta property=\"article:modified_time\" content=\"2026-04-15T15:27:33+00:00\" \/>\n<meta property=\"og:image\" content=\"https:\/\/bk.arq.br\/wp-content\/uploads\/2026\/02\/EQUIPE-scaled.jpg\" \/>\n\t<meta property=\"og:image:width\" content=\"2560\" \/>\n\t<meta property=\"og:image:height\" content=\"1399\" \/>\n\t<meta property=\"og:image:type\" content=\"image\/jpeg\" \/>\n<meta name=\"twitter:card\" content=\"summary_large_image\" \/>\n<meta name=\"twitter:label1\" content=\"Est. reading time\" \/>\n\t<meta name=\"twitter:data1\" content=\"1 minute\" \/>\n<script type=\"application\/ld+json\" class=\"yoast-schema-graph\">{\"@context\":\"https:\\\/\\\/schema.org\",\"@graph\":[{\"@type\":\"WebPage\",\"@id\":\"https:\\\/\\\/bk.arq.br\\\/equipe\\\/\",\"url\":\"https:\\\/\\\/bk.arq.br\\\/equipe\\\/\",\"name\":\"Equipe - Biselli Katchborian\",\"isPartOf\":{\"@id\":\"https:\\\/\\\/bk.arq.br\\\/#website\"},\"primaryImageOfPage\":{\"@id\":\"https:\\\/\\\/bk.arq.br\\\/equipe\\\/#primaryimage\"},\"image\":{\"@id\":\"https:\\\/\\\/bk.arq.br\\\/equipe\\\/#primaryimage\"},\"thumbnailUrl\":\"https:\\\/\\\/bk.arq.br\\\/wp-content\\\/uploads\\\/2026\\\/02\\\/EQUIPE-scaled.jpg\",\"datePublished\":\"2026-01-29T14:06:43+00:00\",\"dateModified\":\"2026-04-15T15:27:33+00:00\",\"breadcrumb\":{\"@id\":\"https:\\\/\\\/bk.arq.br\\\/equipe\\\/#breadcrumb\"},\"inLanguage\":\"en-US\",\"potentialAction\":[{\"@type\":\"ReadAction\",\"target\":[\"https:\\\/\\\/bk.arq.br\\\/equipe\\\/\"]}]},{\"@type\":\"ImageObject\",\"inLanguage\":\"en-US\",\"@id\":\"https:\\\/\\\/bk.arq.br\\\/equipe\\\/#primaryimage\",\"url\":\"https:\\\/\\\/bk.arq.br\\\/wp-content\\\/uploads\\\/2026\\\/02\\\/EQUIPE-scaled.jpg\",\"contentUrl\":\"https:\\\/\\\/bk.arq.br\\\/wp-content\\\/uploads\\\/2026\\\/02\\\/EQUIPE-scaled.jpg\",\"width\":2560,\"height\":1399},{\"@type\":\"BreadcrumbList\",\"@id\":\"https:\\\/\\\/bk.arq.br\\\/equipe\\\/#breadcrumb\",\"itemListElement\":[{\"@type\":\"ListItem\",\"position\":1,\"name\":\"Home\",\"item\":\"https:\\\/\\\/bk.arq.br\\\/\"},{\"@type\":\"ListItem\",\"position\":2,\"name\":\"Equipe\"}]},{\"@type\":\"WebSite\",\"@id\":\"https:\\\/\\\/bk.arq.br\\\/#website\",\"url\":\"https:\\\/\\\/bk.arq.br\\\/\",\"name\":\"Biselli Katchborian\",\"description\":\"Escrit\u00f3rio de arquitetura e urbanismo\",\"alternateName\":\"BK\",\"potentialAction\":[{\"@type\":\"SearchAction\",\"target\":{\"@type\":\"EntryPoint\",\"urlTemplate\":\"https:\\\/\\\/bk.arq.br\\\/?s={search_term_string}\"},\"query-input\":{\"@type\":\"PropertyValueSpecification\",\"valueRequired\":true,\"valueName\":\"search_term_string\"}}],\"inLanguage\":\"en-US\"}]}<\/script>\n<!-- \/ Yoast SEO plugin. -->","yoast_head_json":{"title":"Equipe - Biselli Katchborian","robots":{"index":"index","follow":"follow","max-snippet":"max-snippet:-1","max-image-preview":"max-image-preview:large","max-video-preview":"max-video-preview:-1"},"canonical":"https:\/\/bk.arq.br\/en\/equipe\/","og_locale":"en_US","og_type":"article","og_title":"Equipe - Biselli Katchborian","og_url":"https:\/\/bk.arq.br\/en\/equipe\/","og_site_name":"Biselli Katchborian","article_modified_time":"2026-04-15T15:27:33+00:00","og_image":[{"width":2560,"height":1399,"url":"https:\/\/bk.arq.br\/wp-content\/uploads\/2026\/02\/EQUIPE-scaled.jpg","type":"image\/jpeg"}],"twitter_card":"summary_large_image","twitter_misc":{"Est. reading time":"1 minute"},"schema":{"@context":"https:\/\/schema.org","@graph":[{"@type":"WebPage","@id":"https:\/\/bk.arq.br\/equipe\/","url":"https:\/\/bk.arq.br\/equipe\/","name":"Equipe - Biselli Katchborian","isPartOf":{"@id":"https:\/\/bk.arq.br\/#website"},"primaryImageOfPage":{"@id":"https:\/\/bk.arq.br\/equipe\/#primaryimage"},"image":{"@id":"https:\/\/bk.arq.br\/equipe\/#primaryimage"},"thumbnailUrl":"https:\/\/bk.arq.br\/wp-content\/uploads\/2026\/02\/EQUIPE-scaled.jpg","datePublished":"2026-01-29T14:06:43+00:00","dateModified":"2026-04-15T15:27:33+00:00","breadcrumb":{"@id":"https:\/\/bk.arq.br\/equipe\/#breadcrumb"},"inLanguage":"en-US","potentialAction":[{"@type":"ReadAction","target":["https:\/\/bk.arq.br\/equipe\/"]}]},{"@type":"ImageObject","inLanguage":"en-US","@id":"https:\/\/bk.arq.br\/equipe\/#primaryimage","url":"https:\/\/bk.arq.br\/wp-content\/uploads\/2026\/02\/EQUIPE-scaled.jpg","contentUrl":"https:\/\/bk.arq.br\/wp-content\/uploads\/2026\/02\/EQUIPE-scaled.jpg","width":2560,"height":1399},{"@type":"BreadcrumbList","@id":"https:\/\/bk.arq.br\/equipe\/#breadcrumb","itemListElement":[{"@type":"ListItem","position":1,"name":"Home","item":"https:\/\/bk.arq.br\/"},{"@type":"ListItem","position":2,"name":"Equipe"}]},{"@type":"WebSite","@id":"https:\/\/bk.arq.br\/#website","url":"https:\/\/bk.arq.br\/","name":"Biselli Katchborian","description":"Escrit\u00f3rio de arquitetura e urbanismo","alternateName":"BK","potentialAction":[{"@type":"SearchAction","target":{"@type":"EntryPoint","urlTemplate":"https:\/\/bk.arq.br\/?s={search_term_string}"},"query-input":{"@type":"PropertyValueSpecification","valueRequired":true,"valueName":"search_term_string"}}],"inLanguage":"en-US"}]}},"_links":{"self":[{"href":"https:\/\/bk.arq.br\/en\/wp-json\/wp\/v2\/pages\/44","targetHints":{"allow":["GET"]}}],"collection":[{"href":"https:\/\/bk.arq.br\/en\/wp-json\/wp\/v2\/pages"}],"about":[{"href":"https:\/\/bk.arq.br\/en\/wp-json\/wp\/v2\/types\/page"}],"author":[{"embeddable":true,"href":"https:\/\/bk.arq.br\/en\/wp-json\/wp\/v2\/users\/1"}],"replies":[{"embeddable":true,"href":"https:\/\/bk.arq.br\/en\/wp-json\/wp\/v2\/comments?post=44"}],"version-history":[{"count":77,"href":"https:\/\/bk.arq.br\/en\/wp-json\/wp\/v2\/pages\/44\/revisions"}],"predecessor-version":[{"id":3162,"href":"https:\/\/bk.arq.br\/en\/wp-json\/wp\/v2\/pages\/44\/revisions\/3162"}],"wp:featuredmedia":[{"embeddable":true,"href":"https:\/\/bk.arq.br\/en\/wp-json\/wp\/v2\/media\/1793"}],"wp:attachment":[{"href":"https:\/\/bk.arq.br\/en\/wp-json\/wp\/v2\/media?parent=44"}],"curies":[{"name":"wp","href":"https:\/\/api.w.org\/{rel}","templated":true}]}}